{"id":8381,"date":"2024-10-23T19:40:49","date_gmt":"2024-10-23T17:40:49","guid":{"rendered":"https:\/\/www.turismealtcamp.cat\/fetes-et-foires\/"},"modified":"2025-01-20T13:04:04","modified_gmt":"2025-01-20T11:04:04","slug":"fetes-et-foires","status":"publish","type":"page","link":"https:\/\/www.turismealtcamp.cat\/fr\/fetes-et-foires\/","title":{"rendered":"F\u00eates et foires"},"content":{"rendered":"\t\t<div data-elementor-type=\"wp-page\" data-elementor-id=\"8381\" class=\"elementor elementor-8381 elementor-1726\">\n\t\t\t\t<div class=\"elementor-element elementor-element-48c4f16 e-flex e-con-boxed e-con e-parent\" data-id=\"48c4f16\" data-element_type=\"container\" data-e-type=\"container\">\n\t\t\t\t\t<div class=\"e-con-inner\">\n\t\t<div class=\"elementor-element elementor-element-fa8cdbf e-con-full e-flex e-con e-child\" data-id=\"fa8cdbf\" data-element_type=\"container\" data-e-type=\"container\">\n\t\t<div class=\"elementor-element elementor-element-f0c511a e-con-full e-flex e-con e-child\" data-id=\"f0c511a\" data-element_type=\"container\" data-e-type=\"container\">\n\t\t<div class=\"elementor-element elementor-element-ebaf1b1 e-con-full e-flex e-con e-child\" data-id=\"ebaf1b1\" data-element_type=\"container\" data-e-type=\"container\">\n\t\t<div class=\"elementor-element elementor-element-897c4b9 e-con-full e-flex e-con e-child\" data-id=\"897c4b9\" data-element_type=\"container\" data-e-type=\"container\">\n\t\t\t\t<div class=\"elementor-element elementor-element-d603179 elementor-widget elementor-widget-image\" data-id=\"d603179\" data-element_type=\"widget\" data-e-type=\"widget\" data-widget_type=\"image.default\">\n\t\t\t\t<div class=\"elementor-widget-container\">\n\t\t\t\t\t\t\t\t\t\t\t\t\t\t\t<img fetchpriority=\"high\" decoding=\"async\" width=\"330\" height=\"330\" src=\"https:\/\/www.turismealtcamp.cat\/wp-content\/uploads\/2025\/01\/Mesa-de-trabajo-2@3x.png\" class=\"attachment-large size-large wp-image-10262\" alt=\"\" srcset=\"https:\/\/www.turismealtcamp.cat\/wp-content\/uploads\/2025\/01\/Mesa-de-trabajo-2@3x.png 330w, https:\/\/www.turismealtcamp.cat\/wp-content\/uploads\/2025\/01\/Mesa-de-trabajo-2@3x-300x300.png 300w, https:\/\/www.turismealtcamp.cat\/wp-content\/uploads\/2025\/01\/Mesa-de-trabajo-2@3x-150x150.png 150w\" sizes=\"(max-width: 330px) 100vw, 330px\" \/>\t\t\t\t\t\t\t\t\t\t\t\t\t\t\t<\/div>\n\t\t\t\t<\/div>\n\t\t\t\t<\/div>\n\t\t<div class=\"elementor-element elementor-element-30505c3 e-con-full e-flex e-con e-child\" data-id=\"30505c3\" data-element_type=\"container\" data-e-type=\"container\">\n\t\t\t\t<div class=\"elementor-element elementor-element-25f5f65 elementor-widget elementor-widget-heading\" data-id=\"25f5f65\" data-element_type=\"widget\" data-e-type=\"widget\" data-widget_type=\"heading.default\">\n\t\t\t\t<div class=\"elementor-widget-container\">\n\t\t\t\t\t<h2 class=\"elementor-heading-title elementor-size-default\">Janvier<\/h2>\t\t\t\t<\/div>\n\t\t\t\t<\/div>\n\t\t\t\t<div class=\"elementor-element elementor-element-9781a55 elementor-widget elementor-widget-text-editor\" data-id=\"9781a55\" data-element_type=\"widget\" data-e-type=\"widget\" data-widget_type=\"text-editor.default\">\n\t\t\t\t<div class=\"elementor-widget-container\">\n\t\t\t\t\t\t\t\t\t<p>01<\/p>\n\t\t\t\t\t\t\t\t<\/div>\n\t\t\t\t<\/div>\n\t\t\t\t<\/div>\n\t\t\t\t<\/div>\n\t\t<div class=\"elementor-element elementor-element-f62693f e-con-full e-flex e-con e-child\" data-id=\"f62693f\" data-element_type=\"container\" data-e-type=\"container\">\n\t\t\t\t<div class=\"elementor-element elementor-element-e9eb77b elementor-widget elementor-widget-text-editor\" data-id=\"e9eb77b\" data-element_type=\"widget\" data-e-type=\"widget\" data-widget_type=\"text-editor.default\">\n\t\t\t\t<div class=\"elementor-widget-container\">\n\t\t\t\t\t\t\t\t\t<p><strong>\u2022 El Pont d\u2019Armentera<\/strong>\u00a0: Grande f\u00eate du Sant Crist, procession du pain b\u00e9ni (3 janvier)<br \/>\n\u2022\u00a0<strong>El Pla de Santa Maria<\/strong>\u00a0: Festival d\u2019hiver (7 janvier)<br \/>\n\u2022\u00a0<strong>La Mas\u00f3<\/strong>\u00a0: Grande F\u00eate d\u2019Hiver, en l\u2019honneur de Sant Sebasti\u00e0 (20 janvier)<br \/>\n\u2022\u00a0<strong>Montferri<\/strong>: Grande F\u00eate d\u2019Hiver, en l\u2019honneur de Sant Sebasti\u00e0 (20 janvier)<br \/>\n\u2022\u00a0<strong>Nulles<\/strong>\u00a0: Grande F\u00eate d\u2019Hiver, en l\u2019honneur de Sant Sebasti\u00e0 (20 janvier)<br \/>\n\u2022\u00a0<strong>Rodony\u00e0<\/strong>\u00a0: Grande F\u00eate d\u2019Hiver, en l\u2019honneur de Sant Sebasti\u00e0 (20 janvier)<br \/>\n\u2022\u00a0<strong>Vallmoll<\/strong>\u00a0: Grande F\u00eate d\u2019Hiver, en l\u2019honneur de Sant Sebasti\u00e0 (20 janvier)<br \/>\n\u2022\u00a0<strong>Vila-rodona<\/strong>\u00a0: Grande F\u00eate d\u2019Hiver, en l\u2019honneur de Sant Sebasti\u00e0 (20 janvier)<br \/>\n\u2022\u00a0<strong>Valls<\/strong>\u00a0: F\u00eate des Tres Tombs (dimanche avant Sant Antoni)<br \/>\n\u2022\u00a0<strong>Valls<\/strong>: Mercat de la Cal\u00e7otada (dernier week-end)<br \/>\n\u2022\u00a0<strong>Valls<\/strong>: Journ\u00e9e Gastronomique du Cal\u00e7ot (samedi dernier)<br \/>\n\u2022\u00a0<strong>Valls<\/strong>\u00a0: Grande F\u00eate de la Cal\u00e7otada (dernier dimanche)<\/p>\n\t\t\t\t\t\t\t\t<\/div>\n\t\t\t\t<\/div>\n\t\t\t\t<\/div>\n\t\t\t\t<\/div>\n\t\t\t\t<div class=\"elementor-element elementor-element-b232f75 elementor-widget-divider--view-line elementor-widget elementor-widget-divider\" data-id=\"b232f75\" data-element_type=\"widget\" data-e-type=\"widget\" data-widget_type=\"divider.default\">\n\t\t\t\t<div class=\"elementor-widget-container\">\n\t\t\t\t\t\t\t<div class=\"elementor-divider\">\n\t\t\t<span class=\"elementor-divider-separator\">\n\t\t\t\t\t\t<\/span>\n\t\t<\/div>\n\t\t\t\t\t\t<\/div>\n\t\t\t\t<\/div>\n\t\t<div class=\"elementor-element elementor-element-696ebe5 e-con-full e-flex e-con e-child\" data-id=\"696ebe5\" data-element_type=\"container\" data-e-type=\"container\">\n\t\t<div class=\"elementor-element elementor-element-a10b0a2 e-con-full e-flex e-con e-child\" data-id=\"a10b0a2\" data-element_type=\"container\" data-e-type=\"container\">\n\t\t<div class=\"elementor-element elementor-element-26e67f0 e-con-full e-flex e-con e-child\" data-id=\"26e67f0\" data-element_type=\"container\" data-e-type=\"container\">\n\t\t\t\t<div class=\"elementor-element elementor-element-d77e00d elementor-widget elementor-widget-image\" data-id=\"d77e00d\" data-element_type=\"widget\" data-e-type=\"widget\" data-widget_type=\"image.default\">\n\t\t\t\t<div class=\"elementor-widget-container\">\n\t\t\t\t\t\t\t\t\t\t\t\t\t\t\t<img decoding=\"async\" width=\"330\" height=\"330\" src=\"https:\/\/www.turismealtcamp.cat\/wp-content\/uploads\/2025\/01\/Mesa-de-trabajo-2-copia@3x.png\" class=\"attachment-large size-large wp-image-10278\" alt=\"\" srcset=\"https:\/\/www.turismealtcamp.cat\/wp-content\/uploads\/2025\/01\/Mesa-de-trabajo-2-copia@3x.png 330w, https:\/\/www.turismealtcamp.cat\/wp-content\/uploads\/2025\/01\/Mesa-de-trabajo-2-copia@3x-300x300.png 300w, https:\/\/www.turismealtcamp.cat\/wp-content\/uploads\/2025\/01\/Mesa-de-trabajo-2-copia@3x-150x150.png 150w\" sizes=\"(max-width: 330px) 100vw, 330px\" \/>\t\t\t\t\t\t\t\t\t\t\t\t\t\t\t<\/div>\n\t\t\t\t<\/div>\n\t\t\t\t<\/div>\n\t\t<div class=\"elementor-element elementor-element-955478f e-con-full e-flex e-con e-child\" data-id=\"955478f\" data-element_type=\"container\" data-e-type=\"container\">\n\t\t\t\t<div class=\"elementor-element elementor-element-ff5aee8 elementor-widget elementor-widget-heading\" data-id=\"ff5aee8\" data-element_type=\"widget\" data-e-type=\"widget\" data-widget_type=\"heading.default\">\n\t\t\t\t<div class=\"elementor-widget-container\">\n\t\t\t\t\t<h2 class=\"elementor-heading-title elementor-size-default\">F\u00e9vrier<\/h2>\t\t\t\t<\/div>\n\t\t\t\t<\/div>\n\t\t\t\t<div class=\"elementor-element elementor-element-1cb335e elementor-widget elementor-widget-text-editor\" data-id=\"1cb335e\" data-element_type=\"widget\" data-e-type=\"widget\" data-widget_type=\"text-editor.default\">\n\t\t\t\t<div class=\"elementor-widget-container\">\n\t\t\t\t\t\t\t\t\t<p>02<\/p>\n\t\t\t\t\t\t\t\t<\/div>\n\t\t\t\t<\/div>\n\t\t\t\t<\/div>\n\t\t\t\t<\/div>\n\t\t<div class=\"elementor-element elementor-element-4927613 e-con-full e-flex e-con e-child\" data-id=\"4927613\" data-element_type=\"container\" data-e-type=\"container\">\n\t\t\t\t<div class=\"elementor-element elementor-element-d2eb5c3 elementor-widget elementor-widget-text-editor\" data-id=\"d2eb5c3\" data-element_type=\"widget\" data-e-type=\"widget\" data-widget_type=\"text-editor.default\">\n\t\t\t\t<div class=\"elementor-widget-container\">\n\t\t\t\t\t\t\t\t\t<p>\u2022\u00a0<strong>Valls<\/strong>\u00a0: F\u00eates en l\u2019honneur de la Mare de D\u00e9u de la Candela (2 f\u00e9vrier). Les F\u00eates D\u00e9cennales sont c\u00e9l\u00e9br\u00e9es chaque 10 ans, les ann\u00e9es se terminant par 1 (les prochaines sont donc en 2031)<\/p>\n\t\t\t\t\t\t\t\t<\/div>\n\t\t\t\t<\/div>\n\t\t\t\t<\/div>\n\t\t\t\t<\/div>\n\t\t\t\t<div class=\"elementor-element elementor-element-34a2158 elementor-widget-divider--view-line elementor-widget elementor-widget-divider\" data-id=\"34a2158\" data-element_type=\"widget\" data-e-type=\"widget\" data-widget_type=\"divider.default\">\n\t\t\t\t<div class=\"elementor-widget-container\">\n\t\t\t\t\t\t\t<div class=\"elementor-divider\">\n\t\t\t<span class=\"elementor-divider-separator\">\n\t\t\t\t\t\t<\/span>\n\t\t<\/div>\n\t\t\t\t\t\t<\/div>\n\t\t\t\t<\/div>\n\t\t<div class=\"elementor-element elementor-element-c4e9fd5 e-con-full e-flex e-con e-child\" data-id=\"c4e9fd5\" data-element_type=\"container\" data-e-type=\"container\">\n\t\t<div class=\"elementor-element elementor-element-a53270f e-con-full e-flex e-con e-child\" data-id=\"a53270f\" data-element_type=\"container\" data-e-type=\"container\">\n\t\t<div class=\"elementor-element elementor-element-b80c0a8 e-con-full e-flex e-con e-child\" data-id=\"b80c0a8\" data-element_type=\"container\" data-e-type=\"container\">\n\t\t\t\t<div class=\"elementor-element elementor-element-3194e06 elementor-widget elementor-widget-image\" data-id=\"3194e06\" data-element_type=\"widget\" data-e-type=\"widget\" data-widget_type=\"image.default\">\n\t\t\t\t<div class=\"elementor-widget-container\">\n\t\t\t\t\t\t\t\t\t\t\t\t\t\t\t<img decoding=\"async\" width=\"330\" height=\"330\" src=\"https:\/\/www.turismealtcamp.cat\/wp-content\/uploads\/2025\/01\/Mesa-de-trabajo-2-copia-2@3x.png\" class=\"attachment-large size-large wp-image-10301\" alt=\"\" srcset=\"https:\/\/www.turismealtcamp.cat\/wp-content\/uploads\/2025\/01\/Mesa-de-trabajo-2-copia-2@3x.png 330w, https:\/\/www.turismealtcamp.cat\/wp-content\/uploads\/2025\/01\/Mesa-de-trabajo-2-copia-2@3x-300x300.png 300w, https:\/\/www.turismealtcamp.cat\/wp-content\/uploads\/2025\/01\/Mesa-de-trabajo-2-copia-2@3x-150x150.png 150w\" sizes=\"(max-width: 330px) 100vw, 330px\" \/>\t\t\t\t\t\t\t\t\t\t\t\t\t\t\t<\/div>\n\t\t\t\t<\/div>\n\t\t\t\t<\/div>\n\t\t<div class=\"elementor-element elementor-element-84b373a e-con-full e-flex e-con e-child\" data-id=\"84b373a\" data-element_type=\"container\" data-e-type=\"container\">\n\t\t\t\t<div class=\"elementor-element elementor-element-f9f7376 elementor-widget elementor-widget-heading\" data-id=\"f9f7376\" data-element_type=\"widget\" data-e-type=\"widget\" data-widget_type=\"heading.default\">\n\t\t\t\t<div class=\"elementor-widget-container\">\n\t\t\t\t\t<h2 class=\"elementor-heading-title elementor-size-default\">Mars<\/h2>\t\t\t\t<\/div>\n\t\t\t\t<\/div>\n\t\t\t\t<div class=\"elementor-element elementor-element-96e630d elementor-widget elementor-widget-text-editor\" data-id=\"96e630d\" data-element_type=\"widget\" data-e-type=\"widget\" data-widget_type=\"text-editor.default\">\n\t\t\t\t<div class=\"elementor-widget-container\">\n\t\t\t\t\t\t\t\t\t<p>03<\/p>\n\t\t\t\t\t\t\t\t<\/div>\n\t\t\t\t<\/div>\n\t\t\t\t<\/div>\n\t\t\t\t<\/div>\n\t\t<div class=\"elementor-element elementor-element-b2d10ec e-con-full e-flex e-con e-child\" data-id=\"b2d10ec\" data-element_type=\"container\" data-e-type=\"container\">\n\t\t\t\t<div class=\"elementor-element elementor-element-9e41d2b elementor-widget elementor-widget-text-editor\" data-id=\"9e41d2b\" data-element_type=\"widget\" data-e-type=\"widget\" data-widget_type=\"text-editor.default\">\n\t\t\t\t<div class=\"elementor-widget-container\">\n\t\t\t\t\t\t\t\t\t<p>\u2022\u00a0<strong>Puigpelat<\/strong>\u00a0: F\u00eate en l\u2019honneur de la Mare de D\u00e9u de la Llet et F\u00eate du Pi (selon la Semaine Sainte entre mars et avril)<br \/>\n\u2022\u00a0<strong>Valls<\/strong>: Escudellada populaire (ann\u00e9es altern\u00e9es \u2013 la prochaine en 2026)<br \/>\n\u2022\u00a0<strong>Picamoixons<\/strong>\u00a0: Grande F\u00eate\u00a0<strong>d\u2019Hiver,<\/strong>\u00a0en l\u2019honneur de Sant Josep (19 mars)<\/p>\n\t\t\t\t\t\t\t\t<\/div>\n\t\t\t\t<\/div>\n\t\t\t\t<\/div>\n\t\t\t\t<\/div>\n\t\t\t\t<div class=\"elementor-element elementor-element-e82bdc2 elementor-widget-divider--view-line elementor-widget elementor-widget-divider\" data-id=\"e82bdc2\" data-element_type=\"widget\" data-e-type=\"widget\" data-widget_type=\"divider.default\">\n\t\t\t\t<div class=\"elementor-widget-container\">\n\t\t\t\t\t\t\t<div class=\"elementor-divider\">\n\t\t\t<span class=\"elementor-divider-separator\">\n\t\t\t\t\t\t<\/span>\n\t\t<\/div>\n\t\t\t\t\t\t<\/div>\n\t\t\t\t<\/div>\n\t\t<div class=\"elementor-element elementor-element-d340d80 e-con-full e-flex e-con e-child\" data-id=\"d340d80\" data-element_type=\"container\" data-e-type=\"container\">\n\t\t<div class=\"elementor-element elementor-element-5bbb450 e-con-full e-flex e-con e-child\" data-id=\"5bbb450\" data-element_type=\"container\" data-e-type=\"container\">\n\t\t<div class=\"elementor-element elementor-element-1f28a6d e-con-full e-flex e-con e-child\" data-id=\"1f28a6d\" data-element_type=\"container\" data-e-type=\"container\">\n\t\t\t\t<div class=\"elementor-element elementor-element-dd61ca4 elementor-widget elementor-widget-image\" data-id=\"dd61ca4\" data-element_type=\"widget\" data-e-type=\"widget\" data-widget_type=\"image.default\">\n\t\t\t\t<div class=\"elementor-widget-container\">\n\t\t\t\t\t\t\t\t\t\t\t\t\t\t\t<img loading=\"lazy\" decoding=\"async\" width=\"330\" height=\"330\" src=\"https:\/\/www.turismealtcamp.cat\/wp-content\/uploads\/2025\/01\/Mesa-de-trabajo-2-copia-3@3x.png\" class=\"attachment-large size-large wp-image-10311\" alt=\"\" srcset=\"https:\/\/www.turismealtcamp.cat\/wp-content\/uploads\/2025\/01\/Mesa-de-trabajo-2-copia-3@3x.png 330w, https:\/\/www.turismealtcamp.cat\/wp-content\/uploads\/2025\/01\/Mesa-de-trabajo-2-copia-3@3x-300x300.png 300w, https:\/\/www.turismealtcamp.cat\/wp-content\/uploads\/2025\/01\/Mesa-de-trabajo-2-copia-3@3x-150x150.png 150w\" sizes=\"(max-width: 330px) 100vw, 330px\" \/>\t\t\t\t\t\t\t\t\t\t\t\t\t\t\t<\/div>\n\t\t\t\t<\/div>\n\t\t\t\t<\/div>\n\t\t<div class=\"elementor-element elementor-element-126463c e-con-full e-flex e-con e-child\" data-id=\"126463c\" data-element_type=\"container\" data-e-type=\"container\">\n\t\t\t\t<div class=\"elementor-element elementor-element-87e51e4 elementor-widget elementor-widget-heading\" data-id=\"87e51e4\" data-element_type=\"widget\" data-e-type=\"widget\" data-widget_type=\"heading.default\">\n\t\t\t\t<div class=\"elementor-widget-container\">\n\t\t\t\t\t<h2 class=\"elementor-heading-title elementor-size-default\">Avril<\/h2>\t\t\t\t<\/div>\n\t\t\t\t<\/div>\n\t\t\t\t<div class=\"elementor-element elementor-element-b3e7c72 elementor-widget elementor-widget-text-editor\" data-id=\"b3e7c72\" data-element_type=\"widget\" data-e-type=\"widget\" data-widget_type=\"text-editor.default\">\n\t\t\t\t<div class=\"elementor-widget-container\">\n\t\t\t\t\t\t\t\t\t<p>04<\/p>\n\t\t\t\t\t\t\t\t<\/div>\n\t\t\t\t<\/div>\n\t\t\t\t<\/div>\n\t\t\t\t<\/div>\n\t\t<div class=\"elementor-element elementor-element-c36ed2a e-con-full e-flex e-con e-child\" data-id=\"c36ed2a\" data-element_type=\"container\" data-e-type=\"container\">\n\t\t\t\t<div class=\"elementor-element elementor-element-140ad8e elementor-widget elementor-widget-text-editor\" data-id=\"140ad8e\" data-element_type=\"widget\" data-e-type=\"widget\" data-widget_type=\"text-editor.default\">\n\t\t\t\t<div class=\"elementor-widget-container\">\n\t\t\t\t\t\t\t\t\t<p>\u2022\u00a0<strong>Valls<\/strong>: Procession du Vendredi Saint<br \/>\n\u2022\u00a0<strong>Valls<\/strong>: Favatada (f\u00e8ves) populaire<br \/>\n\u2022\u00a0<strong>El Pla de Santa Maria<\/strong>\u00a0: Festival du v\u00e9lo (autour de Sant Jordi)<br \/>\n\u2022\u00a0<strong>Puigpelat<\/strong>: F\u00eate de la Mare de D\u00e9u de la Llet (dimanche de Pentec\u00f4te)<br \/>\n\u2022\u00a0<strong>Querol<\/strong>\u00a0: Rassemblement \u00e0 Valldossera (premier dimanche apr\u00e8s P\u00e2ques)<br \/>\n\u2022\u00a0<strong>Dans toute la r\u00e9gion<\/strong>\u00a0: F\u00eate de Sant Jordi (23 avril)<br \/>\n\u2022\u00a0<strong>Montferri<\/strong>\u00a0: Assembl\u00e9e du Sanctuaire de Montserrat (dimanche avant le 27 avril)<\/p>\n\t\t\t\t\t\t\t\t<\/div>\n\t\t\t\t<\/div>\n\t\t\t\t<\/div>\n\t\t\t\t<\/div>\n\t\t\t\t<div class=\"elementor-element elementor-element-ed56321 elementor-widget-divider--view-line elementor-widget elementor-widget-divider\" data-id=\"ed56321\" data-element_type=\"widget\" data-e-type=\"widget\" data-widget_type=\"divider.default\">\n\t\t\t\t<div class=\"elementor-widget-container\">\n\t\t\t\t\t\t\t<div class=\"elementor-divider\">\n\t\t\t<span class=\"elementor-divider-separator\">\n\t\t\t\t\t\t<\/span>\n\t\t<\/div>\n\t\t\t\t\t\t<\/div>\n\t\t\t\t<\/div>\n\t\t<div class=\"elementor-element elementor-element-68dd4b0 e-con-full e-flex e-con e-child\" data-id=\"68dd4b0\" data-element_type=\"container\" data-e-type=\"container\">\n\t\t<div class=\"elementor-element elementor-element-50b9b2e e-con-full e-flex e-con e-child\" data-id=\"50b9b2e\" data-element_type=\"container\" data-e-type=\"container\">\n\t\t<div class=\"elementor-element elementor-element-ac2b2e3 e-con-full e-flex e-con e-child\" data-id=\"ac2b2e3\" data-element_type=\"container\" data-e-type=\"container\">\n\t\t\t\t<div class=\"elementor-element elementor-element-6d7f13d elementor-widget elementor-widget-image\" data-id=\"6d7f13d\" data-element_type=\"widget\" data-e-type=\"widget\" data-widget_type=\"image.default\">\n\t\t\t\t<div class=\"elementor-widget-container\">\n\t\t\t\t\t\t\t\t\t\t\t\t\t\t\t<img loading=\"lazy\" decoding=\"async\" width=\"330\" height=\"330\" src=\"https:\/\/www.turismealtcamp.cat\/wp-content\/uploads\/2025\/01\/Mesa-de-trabajo-2-copia-4@3x.png\" class=\"attachment-large size-large wp-image-10321\" alt=\"\" srcset=\"https:\/\/www.turismealtcamp.cat\/wp-content\/uploads\/2025\/01\/Mesa-de-trabajo-2-copia-4@3x.png 330w, https:\/\/www.turismealtcamp.cat\/wp-content\/uploads\/2025\/01\/Mesa-de-trabajo-2-copia-4@3x-300x300.png 300w, https:\/\/www.turismealtcamp.cat\/wp-content\/uploads\/2025\/01\/Mesa-de-trabajo-2-copia-4@3x-150x150.png 150w\" sizes=\"(max-width: 330px) 100vw, 330px\" \/>\t\t\t\t\t\t\t\t\t\t\t\t\t\t\t<\/div>\n\t\t\t\t<\/div>\n\t\t\t\t<\/div>\n\t\t<div class=\"elementor-element elementor-element-43e4f4a e-con-full e-flex e-con e-child\" data-id=\"43e4f4a\" data-element_type=\"container\" data-e-type=\"container\">\n\t\t\t\t<div class=\"elementor-element elementor-element-4140222 elementor-widget elementor-widget-heading\" data-id=\"4140222\" data-element_type=\"widget\" data-e-type=\"widget\" data-widget_type=\"heading.default\">\n\t\t\t\t<div class=\"elementor-widget-container\">\n\t\t\t\t\t<h2 class=\"elementor-heading-title elementor-size-default\">Mai<\/h2>\t\t\t\t<\/div>\n\t\t\t\t<\/div>\n\t\t\t\t<div class=\"elementor-element elementor-element-7e989e3 elementor-widget elementor-widget-text-editor\" data-id=\"7e989e3\" data-element_type=\"widget\" data-e-type=\"widget\" data-widget_type=\"text-editor.default\">\n\t\t\t\t<div class=\"elementor-widget-container\">\n\t\t\t\t\t\t\t\t\t<p>05<\/p>\n\t\t\t\t\t\t\t\t<\/div>\n\t\t\t\t<\/div>\n\t\t\t\t<\/div>\n\t\t\t\t<\/div>\n\t\t<div class=\"elementor-element elementor-element-29df396 e-con-full e-flex e-con e-child\" data-id=\"29df396\" data-element_type=\"container\" data-e-type=\"container\">\n\t\t\t\t<div class=\"elementor-element elementor-element-3a4ba19 elementor-widget elementor-widget-text-editor\" data-id=\"3a4ba19\" data-element_type=\"widget\" data-e-type=\"widget\" data-widget_type=\"text-editor.default\">\n\t\t\t\t<div class=\"elementor-widget-container\">\n\t\t\t\t\t\t\t\t\t<p>\u2022\u00a0<strong>Les Pobles<\/strong>\u00a0: Grande F\u00eate (premier dimanche)<br \/>\n\u2022\u00a0<strong>Santes Creus<\/strong>: Rencontre de Puntaires (premier dimanche)<br \/>\n\u2022\u00a0<strong>Cabra del Camp<\/strong>\u00a0: Petite F\u00eate (6 et 7 mai)<br \/>\n\u2022\u00a0<strong>Cabra del Camp<\/strong>\u00a0: F\u00eates du Sant Crist (premier samedi)<br \/>\n\u2022\u00a0<strong>Figuerola del Camp<\/strong>\u00a0: F\u00eate en l\u2019honneur de Sant Antim, patronne des jeunes (vers le 11 mai)<br \/>\n\u2022\u00a0<strong>Mil\u00e0<\/strong>\u00a0: Grande F\u00eate en l\u2019honneur de Sant Isidre (15 mai)<br \/>\n\u2022\u00a0<strong>Nulles<\/strong>\u00a0: Grande F\u00eate en l\u2019honneur de Sant Isidre (15 mai)<br \/>\n\u2022\u00a0<strong>Valls<\/strong>: Valls Va de Vins<br \/>\n\u2022\u00a0<strong>El Pla de Santa Maria<\/strong>: Journ\u00e9es culturelles<br \/>\n\u2022\u00a0<strong>Vila-rodona<\/strong>\u00a0: Columbarium Tapa<br \/>\n\u2022\u00a0<strong>El Rourell<\/strong>\u00a0: Foire M\u00e9di\u00e9vale<\/p>\n\t\t\t\t\t\t\t\t<\/div>\n\t\t\t\t<\/div>\n\t\t\t\t<\/div>\n\t\t\t\t<\/div>\n\t\t\t\t<div class=\"elementor-element elementor-element-6bf95d6 elementor-widget-divider--view-line elementor-widget elementor-widget-divider\" data-id=\"6bf95d6\" data-element_type=\"widget\" data-e-type=\"widget\" data-widget_type=\"divider.default\">\n\t\t\t\t<div class=\"elementor-widget-container\">\n\t\t\t\t\t\t\t<div class=\"elementor-divider\">\n\t\t\t<span class=\"elementor-divider-separator\">\n\t\t\t\t\t\t<\/span>\n\t\t<\/div>\n\t\t\t\t\t\t<\/div>\n\t\t\t\t<\/div>\n\t\t<div class=\"elementor-element elementor-element-f8330a7 e-con-full e-flex e-con e-child\" data-id=\"f8330a7\" data-element_type=\"container\" data-e-type=\"container\">\n\t\t<div class=\"elementor-element elementor-element-e7fb60c e-con-full e-flex e-con e-child\" data-id=\"e7fb60c\" data-element_type=\"container\" data-e-type=\"container\">\n\t\t<div class=\"elementor-element elementor-element-5b8f780 e-con-full e-flex e-con e-child\" data-id=\"5b8f780\" data-element_type=\"container\" data-e-type=\"container\">\n\t\t\t\t<div class=\"elementor-element elementor-element-758457e elementor-widget elementor-widget-image\" data-id=\"758457e\" data-element_type=\"widget\" data-e-type=\"widget\" data-widget_type=\"image.default\">\n\t\t\t\t<div class=\"elementor-widget-container\">\n\t\t\t\t\t\t\t\t\t\t\t\t\t\t\t<img loading=\"lazy\" decoding=\"async\" width=\"330\" height=\"330\" src=\"https:\/\/www.turismealtcamp.cat\/wp-content\/uploads\/2025\/01\/Mesa-de-trabajo-2-copia-5@3x.png\" class=\"attachment-large size-large wp-image-10331\" alt=\"\" srcset=\"https:\/\/www.turismealtcamp.cat\/wp-content\/uploads\/2025\/01\/Mesa-de-trabajo-2-copia-5@3x.png 330w, https:\/\/www.turismealtcamp.cat\/wp-content\/uploads\/2025\/01\/Mesa-de-trabajo-2-copia-5@3x-300x300.png 300w, https:\/\/www.turismealtcamp.cat\/wp-content\/uploads\/2025\/01\/Mesa-de-trabajo-2-copia-5@3x-150x150.png 150w\" sizes=\"(max-width: 330px) 100vw, 330px\" \/>\t\t\t\t\t\t\t\t\t\t\t\t\t\t\t<\/div>\n\t\t\t\t<\/div>\n\t\t\t\t<\/div>\n\t\t<div class=\"elementor-element elementor-element-c012a1e e-con-full e-flex e-con e-child\" data-id=\"c012a1e\" data-element_type=\"container\" data-e-type=\"container\">\n\t\t\t\t<div class=\"elementor-element elementor-element-33102b3 elementor-widget elementor-widget-heading\" data-id=\"33102b3\" data-element_type=\"widget\" data-e-type=\"widget\" data-widget_type=\"heading.default\">\n\t\t\t\t<div class=\"elementor-widget-container\">\n\t\t\t\t\t<h2 class=\"elementor-heading-title elementor-size-default\">Juin<\/h2>\t\t\t\t<\/div>\n\t\t\t\t<\/div>\n\t\t\t\t<div class=\"elementor-element elementor-element-fd6f8e6 elementor-widget elementor-widget-text-editor\" data-id=\"fd6f8e6\" data-element_type=\"widget\" data-e-type=\"widget\" data-widget_type=\"text-editor.default\">\n\t\t\t\t<div class=\"elementor-widget-container\">\n\t\t\t\t\t\t\t\t\t<p>06<\/p>\n\t\t\t\t\t\t\t\t<\/div>\n\t\t\t\t<\/div>\n\t\t\t\t<\/div>\n\t\t\t\t<\/div>\n\t\t<div class=\"elementor-element elementor-element-34b2a10 e-con-full e-flex e-con e-child\" data-id=\"34b2a10\" data-element_type=\"container\" data-e-type=\"container\">\n\t\t\t\t<div class=\"elementor-element elementor-element-ed28a20 elementor-widget elementor-widget-text-editor\" data-id=\"ed28a20\" data-element_type=\"widget\" data-e-type=\"widget\" data-widget_type=\"text-editor.default\">\n\t\t\t\t<div class=\"elementor-widget-container\">\n\t\t\t\t\t\t\t\t\t<p>\u2022\u00a0<strong>Br\u00e0fim<\/strong>\u00a0: Rassemblement au Sanctuaire du Loreto et Fira de la Cirera (foire de la cerise, le premier dimanche)<br \/>\n\u2022\u00a0<strong>Valls<\/strong>\u00a0: Grande F\u00eate dans le quartier des Comarques (deuxi\u00e8me week-end)<br \/>\n\u2022\u00a0<strong>Valls<\/strong>\u00a0: Grande F\u00eate, en l\u2019honneur de Sant Joan (du 23 au 25 juin)<br \/>\n\u2022\u00a0<strong>Valls<\/strong>: Grande F\u00eate dans le quartier de l\u2019Alt Camp (week-end dernier)<br \/>\n\u2022\u00a0<strong>El Rourell<\/strong>\u00a0: Grande F\u00eate en l\u2019honneur de Sant Pere (vers le 29 juin)<\/p>\n\t\t\t\t\t\t\t\t<\/div>\n\t\t\t\t<\/div>\n\t\t\t\t<\/div>\n\t\t\t\t<\/div>\n\t\t\t\t<div class=\"elementor-element elementor-element-998d639 elementor-widget-divider--view-line elementor-widget elementor-widget-divider\" data-id=\"998d639\" data-element_type=\"widget\" data-e-type=\"widget\" data-widget_type=\"divider.default\">\n\t\t\t\t<div class=\"elementor-widget-container\">\n\t\t\t\t\t\t\t<div class=\"elementor-divider\">\n\t\t\t<span class=\"elementor-divider-separator\">\n\t\t\t\t\t\t<\/span>\n\t\t<\/div>\n\t\t\t\t\t\t<\/div>\n\t\t\t\t<\/div>\n\t\t<div class=\"elementor-element elementor-element-58dba70 e-con-full e-flex e-con e-child\" data-id=\"58dba70\" data-element_type=\"container\" data-e-type=\"container\">\n\t\t<div class=\"elementor-element elementor-element-40c785f e-con-full e-flex e-con e-child\" data-id=\"40c785f\" data-element_type=\"container\" data-e-type=\"container\">\n\t\t<div class=\"elementor-element elementor-element-60f0cd1 e-con-full e-flex e-con e-child\" data-id=\"60f0cd1\" data-element_type=\"container\" data-e-type=\"container\">\n\t\t\t\t<div class=\"elementor-element elementor-element-210cf2e elementor-widget elementor-widget-image\" data-id=\"210cf2e\" data-element_type=\"widget\" data-e-type=\"widget\" data-widget_type=\"image.default\">\n\t\t\t\t<div class=\"elementor-widget-container\">\n\t\t\t\t\t\t\t\t\t\t\t\t\t\t\t<img loading=\"lazy\" decoding=\"async\" width=\"330\" height=\"330\" src=\"https:\/\/www.turismealtcamp.cat\/wp-content\/uploads\/2025\/01\/Mesa-de-trabajo-2-copia-6@3x.png\" class=\"attachment-large size-large wp-image-10345\" alt=\"\" srcset=\"https:\/\/www.turismealtcamp.cat\/wp-content\/uploads\/2025\/01\/Mesa-de-trabajo-2-copia-6@3x.png 330w, https:\/\/www.turismealtcamp.cat\/wp-content\/uploads\/2025\/01\/Mesa-de-trabajo-2-copia-6@3x-300x300.png 300w, https:\/\/www.turismealtcamp.cat\/wp-content\/uploads\/2025\/01\/Mesa-de-trabajo-2-copia-6@3x-150x150.png 150w\" sizes=\"(max-width: 330px) 100vw, 330px\" \/>\t\t\t\t\t\t\t\t\t\t\t\t\t\t\t<\/div>\n\t\t\t\t<\/div>\n\t\t\t\t<\/div>\n\t\t<div class=\"elementor-element elementor-element-73c9496 e-con-full e-flex e-con e-child\" data-id=\"73c9496\" data-element_type=\"container\" data-e-type=\"container\">\n\t\t\t\t<div class=\"elementor-element elementor-element-c738ef6 elementor-widget elementor-widget-heading\" data-id=\"c738ef6\" data-element_type=\"widget\" data-e-type=\"widget\" data-widget_type=\"heading.default\">\n\t\t\t\t<div class=\"elementor-widget-container\">\n\t\t\t\t\t<h2 class=\"elementor-heading-title elementor-size-default\">Juillet<\/h2>\t\t\t\t<\/div>\n\t\t\t\t<\/div>\n\t\t\t\t<div class=\"elementor-element elementor-element-2101802 elementor-widget elementor-widget-text-editor\" data-id=\"2101802\" data-element_type=\"widget\" data-e-type=\"widget\" data-widget_type=\"text-editor.default\">\n\t\t\t\t<div class=\"elementor-widget-container\">\n\t\t\t\t\t\t\t\t\t<p>07<\/p>\n\t\t\t\t\t\t\t\t<\/div>\n\t\t\t\t<\/div>\n\t\t\t\t<\/div>\n\t\t\t\t<\/div>\n\t\t<div class=\"elementor-element elementor-element-a381d32 e-con-full e-flex e-con e-child\" data-id=\"a381d32\" data-element_type=\"container\" data-e-type=\"container\">\n\t\t\t\t<div class=\"elementor-element elementor-element-937b723 elementor-widget elementor-widget-text-editor\" data-id=\"937b723\" data-element_type=\"widget\" data-e-type=\"widget\" data-widget_type=\"text-editor.default\">\n\t\t\t\t<div class=\"elementor-widget-container\">\n\t\t\t\t\t\t\t\t\t<p>\u2022\u00a0<strong>Cabra del Camp<\/strong>\u00a0: F\u00eate des r\u00e9coltes (premier dimanche)<br \/>\n\u2022\u00a0<strong>Valls<\/strong>\u00a0: Grande F\u00eate dans le quartier de Santa \u00darsula (premier week-end)<br \/>\n\u2022\u00a0<strong>Valls<\/strong>\u00a0: Grande F\u00eate dans le quartier de Vilar (premier week-end)<br \/>\n\u2022\u00a0<strong>Valls<\/strong>\u00a0: Grande F\u00eate dans le quartier de Xamora (deuxi\u00e8me week-end)<br \/>\n\u2022\u00a0<strong>Valls<\/strong>\u00a0: Grande F\u00eate dans le quartier de Vallvera (deuxi\u00e8me week-end)<br \/>\n\u2022\u00a0<strong>Valls<\/strong>\u00a0: Grande F\u00eate dans le quartier de Portal Nou (deuxi\u00e8me week-end)<br \/>\n\u2022\u00a0<strong>Valls<\/strong>\u00a0: Grande F\u00eate dans le quartier Francesc Clols (deuxi\u00e8me week-end)<br \/>\n\u2022\u00a0<strong>El Pla de Santa Maria<\/strong>\u00a0: Rassemblement de Sardanes Aires Planencs (deuxi\u00e8me samedi)<br \/>\n\u2022\u00a0<strong>La Mas\u00f3<\/strong>\u00a0: Festival d\u2019\u00e9t\u00e9, en l\u2019honneur de Santa Magdalena (19 juillet)<br \/>\n\u2022\u00a0<strong>Valls<\/strong>\u00a0: Grande F\u00eate dans le quartier Mas Clariana (troisi\u00e8me week-end)<br \/>\n\u2022\u00a0<strong>Valls<\/strong>\u00a0: Grande F\u00eate dans le quartier de la Colla Vella (troisi\u00e8me week-end)<br \/>\n\u2022\u00a0<strong>Valls<\/strong>\u00a0: Grande F\u00eate dans le quartier de Santa Gemma (troisi\u00e8me week-end)<br \/>\n\u2022\u00a0<strong>El Pont d\u2019Armentera<\/strong>\u00a0: Grande F\u00eate estivale, en l\u2019honneur de Santa Maria Magdalena (22 juillet)<br \/>\n\u2022\u00a0<strong>Figuerola del Camp<\/strong>\u00a0: Grande F\u00eate estivale, en l\u2019honneur de Sant Jaume (25 juillet)<br \/>\n\u2022\u00a0<strong>Ali\u00f3<\/strong>\u00a0: Grande F\u00eate estivale, en l\u2019honneur de Sant Jaume (25 juillet)<br \/>\n\u2022\u00a0<strong>Els Garidells<\/strong>\u00a0: Grande F\u00eate estivale, en l\u2019honneur de Sant Jaume (25 juillet)<br \/>\n\u2022\u00a0<strong>Querol<\/strong>\u00a0: Grande F\u00eate estivale, en l\u2019honneur de Sant Jaume (25 juillet)<br \/>\n\u2022\u00a0<strong>Querol<\/strong>\u00a0: Grande F\u00eate des urbanisations<br \/>\n\u2022\u00a0<strong>Nulles<\/strong>\u00a0: Grande F\u00eate estivale (le week-end dernier)<br \/>\n\u2022\u00a0<strong>Valls<\/strong>: Grande F\u00eate dans le quartier de la Fraternal (dernier week-end)<br \/>\n\u2022\u00a0<strong>Valls<\/strong>: Grande F\u00eate dans le quartier du Forn\u00e0s (week-end dernier)<\/p>\n\t\t\t\t\t\t\t\t<\/div>\n\t\t\t\t<\/div>\n\t\t\t\t<\/div>\n\t\t\t\t<\/div>\n\t\t\t\t<div class=\"elementor-element elementor-element-bc324bd elementor-widget-divider--view-line elementor-widget elementor-widget-divider\" data-id=\"bc324bd\" data-element_type=\"widget\" data-e-type=\"widget\" data-widget_type=\"divider.default\">\n\t\t\t\t<div class=\"elementor-widget-container\">\n\t\t\t\t\t\t\t<div class=\"elementor-divider\">\n\t\t\t<span class=\"elementor-divider-separator\">\n\t\t\t\t\t\t<\/span>\n\t\t<\/div>\n\t\t\t\t\t\t<\/div>\n\t\t\t\t<\/div>\n\t\t<div class=\"elementor-element elementor-element-1b42762 e-con-full e-flex e-con e-child\" data-id=\"1b42762\" data-element_type=\"container\" data-e-type=\"container\">\n\t\t<div class=\"elementor-element elementor-element-1c80bee e-con-full e-flex e-con e-child\" data-id=\"1c80bee\" data-element_type=\"container\" data-e-type=\"container\">\n\t\t<div class=\"elementor-element elementor-element-153ddc5 e-con-full e-flex e-con e-child\" data-id=\"153ddc5\" data-element_type=\"container\" data-e-type=\"container\">\n\t\t\t\t<div class=\"elementor-element elementor-element-ad30266 elementor-widget elementor-widget-image\" data-id=\"ad30266\" data-element_type=\"widget\" data-e-type=\"widget\" data-widget_type=\"image.default\">\n\t\t\t\t<div class=\"elementor-widget-container\">\n\t\t\t\t\t\t\t\t\t\t\t\t\t\t\t<img loading=\"lazy\" decoding=\"async\" width=\"330\" height=\"330\" src=\"https:\/\/www.turismealtcamp.cat\/wp-content\/uploads\/2025\/01\/Mesa-de-trabajo-2-copia-7@3x.png\" class=\"attachment-large size-large wp-image-10349\" alt=\"\" srcset=\"https:\/\/www.turismealtcamp.cat\/wp-content\/uploads\/2025\/01\/Mesa-de-trabajo-2-copia-7@3x.png 330w, https:\/\/www.turismealtcamp.cat\/wp-content\/uploads\/2025\/01\/Mesa-de-trabajo-2-copia-7@3x-300x300.png 300w, https:\/\/www.turismealtcamp.cat\/wp-content\/uploads\/2025\/01\/Mesa-de-trabajo-2-copia-7@3x-150x150.png 150w\" sizes=\"(max-width: 330px) 100vw, 330px\" \/>\t\t\t\t\t\t\t\t\t\t\t\t\t\t\t<\/div>\n\t\t\t\t<\/div>\n\t\t\t\t<\/div>\n\t\t<div class=\"elementor-element elementor-element-470337d e-con-full e-flex e-con e-child\" data-id=\"470337d\" data-element_type=\"container\" data-e-type=\"container\">\n\t\t\t\t<div class=\"elementor-element elementor-element-d80d1f3 elementor-widget elementor-widget-heading\" data-id=\"d80d1f3\" data-element_type=\"widget\" data-e-type=\"widget\" data-widget_type=\"heading.default\">\n\t\t\t\t<div class=\"elementor-widget-container\">\n\t\t\t\t\t<h2 class=\"elementor-heading-title elementor-size-default\">Ao\u00fbt<\/h2>\t\t\t\t<\/div>\n\t\t\t\t<\/div>\n\t\t\t\t<div class=\"elementor-element elementor-element-98ffdba elementor-widget elementor-widget-text-editor\" data-id=\"98ffdba\" data-element_type=\"widget\" data-e-type=\"widget\" data-widget_type=\"text-editor.default\">\n\t\t\t\t<div class=\"elementor-widget-container\">\n\t\t\t\t\t\t\t\t\t<p>08<\/p>\n\t\t\t\t\t\t\t\t<\/div>\n\t\t\t\t<\/div>\n\t\t\t\t<\/div>\n\t\t\t\t<\/div>\n\t\t<div class=\"elementor-element elementor-element-58b3306 e-con-full e-flex e-con e-child\" data-id=\"58b3306\" data-element_type=\"container\" data-e-type=\"container\">\n\t\t\t\t<div class=\"elementor-element elementor-element-03ebd90 elementor-widget elementor-widget-text-editor\" data-id=\"03ebd90\" data-element_type=\"widget\" data-e-type=\"widget\" data-widget_type=\"text-editor.default\">\n\t\t\t\t<div class=\"elementor-widget-container\">\n\t\t\t\t\t\t\t\t\t<p>\u2022\u00a0<strong>Cabra del Camp<\/strong>\u00a0: Festa del Batre (premier dimanche)<br \/>\n\u2022\u00a0<strong>El Pla de Manlleu<\/strong>\u00a0: Grande F\u00eate estivale (premier dimanche)<br \/>\n\u2022\u00a0<strong>Vilabella<\/strong>\u00a0: Grande F\u00eate estivale (premier dimanche)<br \/>\n\u2022\u00a0<strong>Picamoixons<\/strong>\u00a0: Grande F\u00eate estivale, en l\u2019honneur de Sant Salvador (6 ao\u00fbt)<br \/>\n\u2022\u00a0<strong>Valls<\/strong>: Firagost (premier mardi et mercredi)<br \/>\n\u2022\u00a0<strong>Valls<\/strong>\u00a0: Grande F\u00eate dans le quartier de Sant Josep Obrer (premier week-end)<br \/>\n\u2022\u00a0<strong>Valls<\/strong>: Grande F\u00eate estivale de Fontscaldes (premier week-end)<br \/>\n\u2022\u00a0<strong>La Riba<\/strong>\u00a0: Grande F\u00eate estivale, en l\u2019honneur de Sant Abd\u00f3 et Sant Sen\u00e9n (premiers jours d\u2019ao\u00fbt)<br \/>\n\u2022\u00a0<strong>Vila-rodona<\/strong>\u00a0: Grande F\u00eate estivale, en l\u2019honneur de Sant Lloren\u00e7 (10 ao\u00fbt)<br \/>\n\u2022\u00a0<strong>Montferri<\/strong>\u00a0: Aplec (rassemblement) de la Mare de D\u00e9u de Montferri (15 ao\u00fbt)<br \/>\n\u2022\u00a0<strong>Aiguam\u00farcia<\/strong>\u00a0: Grande F\u00eate estivale, en l\u2019honneur de Santa Maria (15 ao\u00fbt)<br \/>\n\u2022\u00a0<strong>El Pla de Santa Maria<\/strong>\u00a0: F\u00eates de la Mare de D\u00e9u de les Neus et de la Gent Gran (15 ao\u00fbt)<br \/>\n\u2022\u00a0<strong>Puigpelat<\/strong>\u00a0: Grande F\u00eate estivale (15 ao\u00fbt)<br \/>\n\u2022\u00a0<strong>Querol<\/strong>\u00a0: Grande F\u00eate estivale au centre de Querol (15 ao\u00fbt)<br \/>\n\u2022\u00a0<strong>Vallmoll<\/strong>\u00a0: Grande F\u00eate estivale, en l\u2019honneur de la Mare de D\u00e9u d\u2019Agost (15 ao\u00fbt)<br \/>\n\u2022\u00a0<strong>Vilabella<\/strong>\u00a0: F\u00eate de Sant Roc (16 ao\u00fbt)<br \/>\n\u2022\u00a0<strong>Santes Creus<\/strong>\u00a0: Grande F\u00eate estivale (deuxi\u00e8me quinzaine du mois)<br \/>\n\u2022\u00a0<strong>Cabra del Camp<\/strong>\u00a0: Grande F\u00eate estivale (18 au 22 ao\u00fbt)<br \/>\n\u2022\u00a0<strong>Mont-ral<\/strong>\u00a0:Grande F\u00eate estivale (troisi\u00e8me week-end)<br \/>\n\u2022\u00a0<strong>Montferri<\/strong>\u00a0: Grande F\u00eate estivale, en l\u2019honneur de Sant Bartomeu (24 ao\u00fbt)<br \/>\n\u2022\u00a0<strong>Rodony\u00e0<\/strong>: Grande F\u00eate estivale (dernier week-end)<\/p>\n\t\t\t\t\t\t\t\t<\/div>\n\t\t\t\t<\/div>\n\t\t\t\t<\/div>\n\t\t\t\t<\/div>\n\t\t\t\t<div class=\"elementor-element elementor-element-9b39dac elementor-widget-divider--view-line elementor-widget elementor-widget-divider\" data-id=\"9b39dac\" data-element_type=\"widget\" data-e-type=\"widget\" data-widget_type=\"divider.default\">\n\t\t\t\t<div class=\"elementor-widget-container\">\n\t\t\t\t\t\t\t<div class=\"elementor-divider\">\n\t\t\t<span class=\"elementor-divider-separator\">\n\t\t\t\t\t\t<\/span>\n\t\t<\/div>\n\t\t\t\t\t\t<\/div>\n\t\t\t\t<\/div>\n\t\t<div class=\"elementor-element elementor-element-8e24cec e-con-full e-flex e-con e-child\" data-id=\"8e24cec\" data-element_type=\"container\" data-e-type=\"container\">\n\t\t<div class=\"elementor-element elementor-element-b8098b2 e-con-full e-flex e-con e-child\" data-id=\"b8098b2\" data-element_type=\"container\" data-e-type=\"container\">\n\t\t<div class=\"elementor-element elementor-element-cd068d9 e-con-full e-flex e-con e-child\" data-id=\"cd068d9\" data-element_type=\"container\" data-e-type=\"container\">\n\t\t\t\t<div class=\"elementor-element elementor-element-a9242e6 elementor-widget elementor-widget-image\" data-id=\"a9242e6\" data-element_type=\"widget\" data-e-type=\"widget\" data-widget_type=\"image.default\">\n\t\t\t\t<div class=\"elementor-widget-container\">\n\t\t\t\t\t\t\t\t\t\t\t\t\t\t\t<img loading=\"lazy\" decoding=\"async\" width=\"330\" height=\"330\" src=\"https:\/\/www.turismealtcamp.cat\/wp-content\/uploads\/2025\/01\/Mesa-de-trabajo-2-copia-8@3x.png\" class=\"attachment-large size-large wp-image-10356\" alt=\"\" srcset=\"https:\/\/www.turismealtcamp.cat\/wp-content\/uploads\/2025\/01\/Mesa-de-trabajo-2-copia-8@3x.png 330w, https:\/\/www.turismealtcamp.cat\/wp-content\/uploads\/2025\/01\/Mesa-de-trabajo-2-copia-8@3x-300x300.png 300w, https:\/\/www.turismealtcamp.cat\/wp-content\/uploads\/2025\/01\/Mesa-de-trabajo-2-copia-8@3x-150x150.png 150w\" sizes=\"(max-width: 330px) 100vw, 330px\" \/>\t\t\t\t\t\t\t\t\t\t\t\t\t\t\t<\/div>\n\t\t\t\t<\/div>\n\t\t\t\t<\/div>\n\t\t<div class=\"elementor-element elementor-element-a0b4ebb e-con-full e-flex e-con e-child\" data-id=\"a0b4ebb\" data-element_type=\"container\" data-e-type=\"container\">\n\t\t\t\t<div class=\"elementor-element elementor-element-03457ab elementor-widget elementor-widget-heading\" data-id=\"03457ab\" data-element_type=\"widget\" data-e-type=\"widget\" data-widget_type=\"heading.default\">\n\t\t\t\t<div class=\"elementor-widget-container\">\n\t\t\t\t\t<h2 class=\"elementor-heading-title elementor-size-default\">Septembre<\/h2>\t\t\t\t<\/div>\n\t\t\t\t<\/div>\n\t\t\t\t<div class=\"elementor-element elementor-element-7f6ee5d elementor-widget elementor-widget-text-editor\" data-id=\"7f6ee5d\" data-element_type=\"widget\" data-e-type=\"widget\" data-widget_type=\"text-editor.default\">\n\t\t\t\t<div class=\"elementor-widget-container\">\n\t\t\t\t\t\t\t\t\t<p>09<\/p>\n\t\t\t\t\t\t\t\t<\/div>\n\t\t\t\t<\/div>\n\t\t\t\t<\/div>\n\t\t\t\t<\/div>\n\t\t<div class=\"elementor-element elementor-element-1f2d71c e-con-full e-flex e-con e-child\" data-id=\"1f2d71c\" data-element_type=\"container\" data-e-type=\"container\">\n\t\t\t\t<div class=\"elementor-element elementor-element-d4d2684 elementor-widget elementor-widget-text-editor\" data-id=\"d4d2684\" data-element_type=\"widget\" data-e-type=\"widget\" data-widget_type=\"text-editor.default\">\n\t\t\t\t<div class=\"elementor-widget-container\">\n\t\t\t\t\t\t\t\t\t<p>\u2022\u00a0<strong>Dans toute la r\u00e9gion<\/strong>\u00a0: F\u00eate Nationale de la Catalogne (11 septembre)<br \/>\n\u2022\u00a0<strong>Valls<\/strong>: Petit-d\u00e9jeuner des vignerons<br \/>\n\u2022\u00a0<strong>Mont-ral<\/strong>\u00a0: Grande F\u00eate de Farena (deuxi\u00e8me week-end)<\/p>\n\t\t\t\t\t\t\t\t<\/div>\n\t\t\t\t<\/div>\n\t\t\t\t<\/div>\n\t\t\t\t<\/div>\n\t\t\t\t<div class=\"elementor-element elementor-element-02d2ec0 elementor-widget-divider--view-line elementor-widget elementor-widget-divider\" data-id=\"02d2ec0\" data-element_type=\"widget\" data-e-type=\"widget\" data-widget_type=\"divider.default\">\n\t\t\t\t<div class=\"elementor-widget-container\">\n\t\t\t\t\t\t\t<div class=\"elementor-divider\">\n\t\t\t<span class=\"elementor-divider-separator\">\n\t\t\t\t\t\t<\/span>\n\t\t<\/div>\n\t\t\t\t\t\t<\/div>\n\t\t\t\t<\/div>\n\t\t<div class=\"elementor-element elementor-element-ecbde26 e-con-full e-flex e-con e-child\" data-id=\"ecbde26\" data-element_type=\"container\" data-e-type=\"container\">\n\t\t<div class=\"elementor-element elementor-element-e45ab9b e-con-full e-flex e-con e-child\" data-id=\"e45ab9b\" data-element_type=\"container\" data-e-type=\"container\">\n\t\t<div class=\"elementor-element elementor-element-2fe0445 e-con-full e-flex e-con e-child\" data-id=\"2fe0445\" data-element_type=\"container\" data-e-type=\"container\">\n\t\t\t\t<div class=\"elementor-element elementor-element-6b54b35 elementor-widget elementor-widget-image\" data-id=\"6b54b35\" data-element_type=\"widget\" data-e-type=\"widget\" data-widget_type=\"image.default\">\n\t\t\t\t<div class=\"elementor-widget-container\">\n\t\t\t\t\t\t\t\t\t\t\t\t\t\t\t<img loading=\"lazy\" decoding=\"async\" width=\"330\" height=\"330\" src=\"https:\/\/www.turismealtcamp.cat\/wp-content\/uploads\/2025\/01\/Mesa-de-trabajo-2-copia-9@3x.png\" class=\"attachment-large size-large wp-image-10363\" alt=\"\" srcset=\"https:\/\/www.turismealtcamp.cat\/wp-content\/uploads\/2025\/01\/Mesa-de-trabajo-2-copia-9@3x.png 330w, https:\/\/www.turismealtcamp.cat\/wp-content\/uploads\/2025\/01\/Mesa-de-trabajo-2-copia-9@3x-300x300.png 300w, https:\/\/www.turismealtcamp.cat\/wp-content\/uploads\/2025\/01\/Mesa-de-trabajo-2-copia-9@3x-150x150.png 150w\" sizes=\"(max-width: 330px) 100vw, 330px\" \/>\t\t\t\t\t\t\t\t\t\t\t\t\t\t\t<\/div>\n\t\t\t\t<\/div>\n\t\t\t\t<\/div>\n\t\t<div class=\"elementor-element elementor-element-221d771 e-con-full e-flex e-con e-child\" data-id=\"221d771\" data-element_type=\"container\" data-e-type=\"container\">\n\t\t\t\t<div class=\"elementor-element elementor-element-d490e4e elementor-widget elementor-widget-heading\" data-id=\"d490e4e\" data-element_type=\"widget\" data-e-type=\"widget\" data-widget_type=\"heading.default\">\n\t\t\t\t<div class=\"elementor-widget-container\">\n\t\t\t\t\t<h2 class=\"elementor-heading-title elementor-size-default\">Octobre<\/h2>\t\t\t\t<\/div>\n\t\t\t\t<\/div>\n\t\t\t\t<div class=\"elementor-element elementor-element-82300ad elementor-widget elementor-widget-text-editor\" data-id=\"82300ad\" data-element_type=\"widget\" data-e-type=\"widget\" data-widget_type=\"text-editor.default\">\n\t\t\t\t<div class=\"elementor-widget-container\">\n\t\t\t\t\t\t\t\t\t<p>10<\/p>\n\t\t\t\t\t\t\t\t<\/div>\n\t\t\t\t<\/div>\n\t\t\t\t<\/div>\n\t\t\t\t<\/div>\n\t\t<div class=\"elementor-element elementor-element-3b22b5e e-con-full e-flex e-con e-child\" data-id=\"3b22b5e\" data-element_type=\"container\" data-e-type=\"container\">\n\t\t\t\t<div class=\"elementor-element elementor-element-2a6b1d5 elementor-widget elementor-widget-text-editor\" data-id=\"2a6b1d5\" data-element_type=\"widget\" data-e-type=\"widget\" data-widget_type=\"text-editor.default\">\n\t\t\t\t<div class=\"elementor-widget-container\">\n\t\t\t\t\t\t\t\t\t<p>\u2022\u00a0<strong>Santes Creus<\/strong>: Vitis Aiguamurcia<br \/>\n\u2022\u00a0<strong>El Rourell<\/strong>\u00a0: F\u00eate du Sacr\u00e9-C\u0153ur (tous les dix ans)<br \/>\n\u2022\u00a0<strong>Alcover<\/strong>: Foire des Bandolers (deuxi\u00e8me week-end)<br \/>\n\u2022\u00a0<strong>Alcover<\/strong>\u00a0: Grande F\u00eate (troisi\u00e8me week-end)<br \/>\n\u2022\u00a0<strong>El Pla de Santa Maria<\/strong>: Foire d\u2019Automne du Pla (troisi\u00e8me week-end)<br \/>\n\u2022\u00a0<strong>Mil\u00e0<\/strong>\u00a0: Grande F\u00eate d\u2019Hiver, en l\u2019honneur de Santa \u00darsula (21 octobre)<br \/>\n\u2022\u00a0<strong>Valls<\/strong>\u00a0: Foire et Diada Castellera de Santa \u00darsula (21 octobre ou le dimanche suivant)<br \/>\n\u2022\u00a0<strong>Valls<\/strong>: Exposition canine internationale et nationale (dernier week-end)<br \/>\n\u2022\u00a0<strong>Valls<\/strong>: \u00darsula Beer Fest (derniers vendredi et samedi)<br \/>\n\u2022\u00a0<strong>Valls<\/strong>\u00a0: Festival International de Th\u00e9\u00e2tre de Marionnettes \u00ab\u00a0Guant\u00a0\u00bb (tout le mois)<\/p>\n\t\t\t\t\t\t\t\t<\/div>\n\t\t\t\t<\/div>\n\t\t\t\t<\/div>\n\t\t\t\t<\/div>\n\t\t\t\t<div class=\"elementor-element elementor-element-45f33be elementor-widget-divider--view-line elementor-widget elementor-widget-divider\" data-id=\"45f33be\" data-element_type=\"widget\" data-e-type=\"widget\" data-widget_type=\"divider.default\">\n\t\t\t\t<div class=\"elementor-widget-container\">\n\t\t\t\t\t\t\t<div class=\"elementor-divider\">\n\t\t\t<span class=\"elementor-divider-separator\">\n\t\t\t\t\t\t<\/span>\n\t\t<\/div>\n\t\t\t\t\t\t<\/div>\n\t\t\t\t<\/div>\n\t\t<div class=\"elementor-element elementor-element-fb0e5ec e-con-full e-flex e-con e-child\" data-id=\"fb0e5ec\" data-element_type=\"container\" data-e-type=\"container\">\n\t\t<div class=\"elementor-element elementor-element-4f2eb75 e-con-full e-flex e-con e-child\" data-id=\"4f2eb75\" data-element_type=\"container\" data-e-type=\"container\">\n\t\t<div class=\"elementor-element elementor-element-2caaf1b e-con-full e-flex e-con e-child\" data-id=\"2caaf1b\" data-element_type=\"container\" data-e-type=\"container\">\n\t\t\t\t<div class=\"elementor-element elementor-element-4745aab elementor-widget elementor-widget-image\" data-id=\"4745aab\" data-element_type=\"widget\" data-e-type=\"widget\" data-widget_type=\"image.default\">\n\t\t\t\t<div class=\"elementor-widget-container\">\n\t\t\t\t\t\t\t\t\t\t\t\t\t\t\t<img loading=\"lazy\" decoding=\"async\" width=\"330\" height=\"330\" src=\"https:\/\/www.turismealtcamp.cat\/wp-content\/uploads\/2025\/01\/Mesa-de-trabajo-2-copia-10@3x.png\" class=\"attachment-large size-large wp-image-10370\" alt=\"\" srcset=\"https:\/\/www.turismealtcamp.cat\/wp-content\/uploads\/2025\/01\/Mesa-de-trabajo-2-copia-10@3x.png 330w, https:\/\/www.turismealtcamp.cat\/wp-content\/uploads\/2025\/01\/Mesa-de-trabajo-2-copia-10@3x-300x300.png 300w, https:\/\/www.turismealtcamp.cat\/wp-content\/uploads\/2025\/01\/Mesa-de-trabajo-2-copia-10@3x-150x150.png 150w\" sizes=\"(max-width: 330px) 100vw, 330px\" \/>\t\t\t\t\t\t\t\t\t\t\t\t\t\t\t<\/div>\n\t\t\t\t<\/div>\n\t\t\t\t<\/div>\n\t\t<div class=\"elementor-element elementor-element-c25aeb5 e-con-full e-flex e-con e-child\" data-id=\"c25aeb5\" data-element_type=\"container\" data-e-type=\"container\">\n\t\t\t\t<div class=\"elementor-element elementor-element-205e449 elementor-widget elementor-widget-heading\" data-id=\"205e449\" data-element_type=\"widget\" data-e-type=\"widget\" data-widget_type=\"heading.default\">\n\t\t\t\t<div class=\"elementor-widget-container\">\n\t\t\t\t\t<h2 class=\"elementor-heading-title elementor-size-default\">Novembre<\/h2>\t\t\t\t<\/div>\n\t\t\t\t<\/div>\n\t\t\t\t<div class=\"elementor-element elementor-element-b430187 elementor-widget elementor-widget-text-editor\" data-id=\"b430187\" data-element_type=\"widget\" data-e-type=\"widget\" data-widget_type=\"text-editor.default\">\n\t\t\t\t<div class=\"elementor-widget-container\">\n\t\t\t\t\t\t\t\t\t<p>11<\/p>\n\t\t\t\t\t\t\t\t<\/div>\n\t\t\t\t<\/div>\n\t\t\t\t<\/div>\n\t\t\t\t<\/div>\n\t\t<div class=\"elementor-element elementor-element-62cf2e0 e-con-full e-flex e-con e-child\" data-id=\"62cf2e0\" data-element_type=\"container\" data-e-type=\"container\">\n\t\t\t\t<div class=\"elementor-element elementor-element-6d66668 elementor-widget elementor-widget-text-editor\" data-id=\"6d66668\" data-element_type=\"widget\" data-e-type=\"widget\" data-widget_type=\"text-editor.default\">\n\t\t\t\t<div class=\"elementor-widget-container\">\n\t\t\t\t\t\t\t\t\t<p>\u2022\u00a0<strong>Vila-rodona<\/strong>\u00a0: Foire agricole (premier week-end apr\u00e8s la Toussaint)<br \/>\n\u2022\u00a0<strong>La Riba<\/strong>\u00a0: F\u00eate de Sant Andreu (30 novembre)<br \/>\n\u2022\u00a0<strong>Valls<\/strong>: Arrencada del Cal\u00e7ot<br \/>\n\u2022\u00a0<strong>Valls<\/strong>: F\u00eate de l\u2019huile nouvelle<\/p>\n\t\t\t\t\t\t\t\t<\/div>\n\t\t\t\t<\/div>\n\t\t\t\t<\/div>\n\t\t\t\t<\/div>\n\t\t\t\t<div class=\"elementor-element elementor-element-9d2ece5 elementor-widget-divider--view-line elementor-widget elementor-widget-divider\" data-id=\"9d2ece5\" data-element_type=\"widget\" data-e-type=\"widget\" data-widget_type=\"divider.default\">\n\t\t\t\t<div class=\"elementor-widget-container\">\n\t\t\t\t\t\t\t<div class=\"elementor-divider\">\n\t\t\t<span class=\"elementor-divider-separator\">\n\t\t\t\t\t\t<\/span>\n\t\t<\/div>\n\t\t\t\t\t\t<\/div>\n\t\t\t\t<\/div>\n\t\t<div class=\"elementor-element elementor-element-0ed3823 e-con-full e-flex e-con e-child\" data-id=\"0ed3823\" data-element_type=\"container\" data-e-type=\"container\">\n\t\t<div class=\"elementor-element elementor-element-300c8bd e-con-full e-flex e-con e-child\" data-id=\"300c8bd\" data-element_type=\"container\" data-e-type=\"container\">\n\t\t<div class=\"elementor-element elementor-element-44fde93 e-con-full e-flex e-con e-child\" data-id=\"44fde93\" data-element_type=\"container\" data-e-type=\"container\">\n\t\t\t\t<div class=\"elementor-element elementor-element-2b4e5bd elementor-widget elementor-widget-image\" data-id=\"2b4e5bd\" data-element_type=\"widget\" data-e-type=\"widget\" data-widget_type=\"image.default\">\n\t\t\t\t<div class=\"elementor-widget-container\">\n\t\t\t\t\t\t\t\t\t\t\t\t\t\t\t<img loading=\"lazy\" decoding=\"async\" width=\"330\" height=\"330\" src=\"https:\/\/www.turismealtcamp.cat\/wp-content\/uploads\/2025\/01\/Mesa-de-trabajo-2-copia-11@3x.png\" class=\"attachment-large size-large wp-image-10374\" alt=\"\" srcset=\"https:\/\/www.turismealtcamp.cat\/wp-content\/uploads\/2025\/01\/Mesa-de-trabajo-2-copia-11@3x.png 330w, https:\/\/www.turismealtcamp.cat\/wp-content\/uploads\/2025\/01\/Mesa-de-trabajo-2-copia-11@3x-300x300.png 300w, https:\/\/www.turismealtcamp.cat\/wp-content\/uploads\/2025\/01\/Mesa-de-trabajo-2-copia-11@3x-150x150.png 150w\" sizes=\"(max-width: 330px) 100vw, 330px\" \/>\t\t\t\t\t\t\t\t\t\t\t\t\t\t\t<\/div>\n\t\t\t\t<\/div>\n\t\t\t\t<\/div>\n\t\t<div class=\"elementor-element elementor-element-0896620 e-con-full e-flex e-con e-child\" data-id=\"0896620\" data-element_type=\"container\" data-e-type=\"container\">\n\t\t\t\t<div class=\"elementor-element elementor-element-f1fe5ec elementor-widget elementor-widget-heading\" data-id=\"f1fe5ec\" data-element_type=\"widget\" data-e-type=\"widget\" data-widget_type=\"heading.default\">\n\t\t\t\t<div class=\"elementor-widget-container\">\n\t\t\t\t\t<h2 class=\"elementor-heading-title elementor-size-default\">D\u00e9cembre<\/h2>\t\t\t\t<\/div>\n\t\t\t\t<\/div>\n\t\t\t\t<div class=\"elementor-element elementor-element-04725e5 elementor-widget elementor-widget-text-editor\" data-id=\"04725e5\" data-element_type=\"widget\" data-e-type=\"widget\" data-widget_type=\"text-editor.default\">\n\t\t\t\t<div class=\"elementor-widget-container\">\n\t\t\t\t\t\t\t\t\t<p>12<\/p>\n\t\t\t\t\t\t\t\t<\/div>\n\t\t\t\t<\/div>\n\t\t\t\t<\/div>\n\t\t\t\t<\/div>\n\t\t<div class=\"elementor-element elementor-element-a9304b3 e-con-full e-flex e-con e-child\" data-id=\"a9304b3\" data-element_type=\"container\" data-e-type=\"container\">\n\t\t\t\t<div class=\"elementor-element elementor-element-35a80ed elementor-widget elementor-widget-text-editor\" data-id=\"35a80ed\" data-element_type=\"widget\" data-e-type=\"widget\" data-widget_type=\"text-editor.default\">\n\t\t\t\t<div class=\"elementor-widget-container\">\n\t\t\t\t\t\t\t\t\t<p>\u2022\u00a0<strong>Ali\u00f3<\/strong>: Grande F\u00eate d\u2019hiver, en honneur a la Mare de D\u00e9u del Loreto (10 d\u00e9cembre)<br \/>\n\u2022\u00a0<strong>Br\u00e0fim<\/strong>: Grande F\u00eate d\u2019hiver, en honneur a la Mare de D\u00e9u del Loreto (10 d\u00e9cembre)<br \/>\n\u2022<strong>\u00a0Les Pobles<\/strong>: Grande F\u00eate d\u2019hiver (13 d\u00e9cembre)<br \/>\n\u2022\u00a0<strong>Santes Creus<\/strong>: Grande F\u00eate d\u2019hiver et Foier de Santa \u00darsula (13 d\u00e9cembre)<br \/>\n\u2022\u00a0<strong>Aiguam\u00farcia<\/strong>: Grande F\u00eate d\u2019hiver (13 d\u00e9cembre)<br \/>\n\u2022\u00a0<strong>Figuerola del Camp<\/strong>: F\u00eate de la Mare de D\u00e9u de l\u2019Esperan\u00e7a (sur le 18 d\u00e9cembre)<br \/>\n\u2022\u00a0<strong>Valls<\/strong>: Foire du Chapon, de la Volaille et March\u00e9 de No\u00ebl (week-end apr\u00e8s Santa Ll\u00facia)<\/p>\n\t\t\t\t\t\t\t\t<\/div>\n\t\t\t\t<\/div>\n\t\t\t\t<\/div>\n\t\t\t\t<\/div>\n\t\t\t\t<div class=\"elementor-element elementor-element-76b32c9 elementor-widget-divider--view-line elementor-widget elementor-widget-divider\" data-id=\"76b32c9\" data-element_type=\"widget\" data-e-type=\"widget\" data-widget_type=\"divider.default\">\n\t\t\t\t<div class=\"elementor-widget-container\">\n\t\t\t\t\t\t\t<div class=\"elementor-divider\">\n\t\t\t<span class=\"elementor-divider-separator\">\n\t\t\t\t\t\t<\/span>\n\t\t<\/div>\n\t\t\t\t\t\t<\/div>\n\t\t\t\t<\/div>\n\t\t\t\t<\/div>\n\t\t\t\t\t<\/div>\n\t\t\t\t<\/div>\n\t\t\t\t<\/div>\n\t\t","protected":false},"excerpt":{"rendered":"<p>Janvier 01 \u2022 El Pont d\u2019Armentera\u00a0: Grande f\u00eate du Sant Crist, procession du pain b\u00e9ni (3 janvier) \u2022\u00a0El Pla de Santa Maria\u00a0: Festival d\u2019hiver (7 janvier) \u2022\u00a0La Mas\u00f3\u00a0: Grande F\u00eate d\u2019Hiver, en l\u2019honneur de Sant Sebasti\u00e0 (20 janvier) \u2022\u00a0Montferri: Grande F\u00eate d\u2019Hiver, en l\u2019honneur de Sant Sebasti\u00e0 (20 janvier) \u2022\u00a0Nulles\u00a0: Grande F\u00eate d\u2019Hiver, en l\u2019honneur [&hellip;]<\/p>\n","protected":false},"author":1,"featured_media":0,"parent":0,"menu_order":0,"comment_status":"closed","ping_status":"closed","template":"","meta":{"ocean_post_layout":"","ocean_both_sidebars_style":"","ocean_both_sidebars_content_width":0,"ocean_both_sidebars_sidebars_width":0,"ocean_sidebar":"","ocean_second_sidebar":"","ocean_disable_margins":"enable","ocean_add_body_class":"","ocean_shortcode_before_top_bar":"","ocean_shortcode_after_top_bar":"","ocean_shortcode_before_header":"","ocean_shortcode_after_header":"","ocean_has_shortcode":"","ocean_shortcode_after_title":"","ocean_shortcode_before_footer_widgets":"","ocean_shortcode_after_footer_widgets":"","ocean_shortcode_before_footer_bottom":"","ocean_shortcode_after_footer_bottom":"","ocean_display_top_bar":"default","ocean_display_header":"default","ocean_header_style":"","ocean_center_header_left_menu":"","ocean_custom_header_template":"","ocean_custom_logo":0,"ocean_custom_retina_logo":0,"ocean_custom_logo_max_width":0,"ocean_custom_logo_tablet_max_width":0,"ocean_custom_logo_mobile_max_width":0,"ocean_custom_logo_max_height":0,"ocean_custom_logo_tablet_max_height":0,"ocean_custom_logo_mobile_max_height":0,"ocean_header_custom_menu":"","ocean_menu_typo_font_family":"","ocean_menu_typo_font_subset":"","ocean_menu_typo_font_size":0,"ocean_menu_typo_font_size_tablet":0,"ocean_menu_typo_font_size_mobile":0,"ocean_menu_typo_font_size_unit":"px","ocean_menu_typo_font_weight":"","ocean_menu_typo_font_weight_tablet":"","ocean_menu_typo_font_weight_mobile":"","ocean_menu_typo_transform":"","ocean_menu_typo_transform_tablet":"","ocean_menu_typo_transform_mobile":"","ocean_menu_typo_line_height":0,"ocean_menu_typo_line_height_tablet":0,"ocean_menu_typo_line_height_mobile":0,"ocean_menu_typo_line_height_unit":"","ocean_menu_typo_spacing":0,"ocean_menu_typo_spacing_tablet":0,"ocean_menu_typo_spacing_mobile":0,"ocean_menu_typo_spacing_unit":"","ocean_menu_link_color":"","ocean_menu_link_color_hover":"","ocean_menu_link_color_active":"","ocean_menu_link_background":"","ocean_menu_link_hover_background":"","ocean_menu_link_active_background":"","ocean_menu_social_links_bg":"","ocean_menu_social_hover_links_bg":"","ocean_menu_social_links_color":"","ocean_menu_social_hover_links_color":"","ocean_disable_title":"enable","ocean_disable_heading":"enable","ocean_post_title":"","ocean_post_subheading":"","ocean_post_title_style":"background-image","ocean_post_title_background_color":"","ocean_post_title_background":11332,"ocean_post_title_bg_image_position":"","ocean_post_title_bg_image_attachment":"","ocean_post_title_bg_image_repeat":"","ocean_post_title_bg_image_size":"","ocean_post_title_height":0,"ocean_post_title_bg_overlay":0.5,"ocean_post_title_bg_overlay_color":"","ocean_disable_breadcrumbs":"default","ocean_breadcrumbs_color":"","ocean_breadcrumbs_separator_color":"","ocean_breadcrumbs_links_color":"","ocean_breadcrumbs_links_hover_color":"","ocean_display_footer_widgets":"default","ocean_display_footer_bottom":"default","ocean_custom_footer_template":"","footnotes":""},"class_list":["post-8381","page","type-page","status-publish","hentry","entry"],"yoast_head":"<!-- This site is optimized with the Yoast SEO plugin v27.5 - https:\/\/yoast.com\/product\/yoast-seo-wordpress\/ -->\n<title>F\u00eates et foires - Turisme a l&#039;Alt Camp<\/title>\n<meta name=\"robots\" content=\"index, follow, max-snippet:-1, max-image-preview:large, max-video-preview:-1\" \/>\n<link rel=\"canonical\" href=\"https:\/\/www.turismealtcamp.cat\/fr\/fetes-et-foires\/\" \/>\n<meta property=\"og:locale\" content=\"fr_FR\" \/>\n<meta property=\"og:type\" content=\"article\" \/>\n<meta property=\"og:title\" content=\"F\u00eates et foires - Turisme a l&#039;Alt Camp\" \/>\n<meta property=\"og:description\" content=\"Janvier 01 \u2022 El Pont d\u2019Armentera\u00a0: Grande f\u00eate du Sant Crist, procession du pain b\u00e9ni (3 janvier) \u2022\u00a0El Pla de Santa Maria\u00a0: Festival d\u2019hiver (7 janvier) \u2022\u00a0La Mas\u00f3\u00a0: Grande F\u00eate d\u2019Hiver, en l\u2019honneur de Sant Sebasti\u00e0 (20 janvier) \u2022\u00a0Montferri: Grande F\u00eate d\u2019Hiver, en l\u2019honneur de Sant Sebasti\u00e0 (20 janvier) \u2022\u00a0Nulles\u00a0: Grande F\u00eate d\u2019Hiver, en l\u2019honneur [&hellip;]\" \/>\n<meta property=\"og:url\" content=\"https:\/\/www.turismealtcamp.cat\/fr\/fetes-et-foires\/\" \/>\n<meta property=\"og:site_name\" content=\"Turisme a l&#039;Alt Camp\" \/>\n<meta property=\"article:publisher\" content=\"https:\/\/es-es.facebook.com\/turismealtcamp\/\" \/>\n<meta property=\"article:modified_time\" content=\"2025-01-20T11:04:04+00:00\" \/>\n<meta property=\"og:image\" content=\"https:\/\/www.turismealtcamp.cat\/wp-content\/uploads\/2025\/01\/Mesa-de-trabajo-2@3x.png\" \/>\n<meta name=\"twitter:card\" content=\"summary_large_image\" \/>\n<meta name=\"twitter:site\" content=\"@turismealtcamp\" \/>\n<meta name=\"twitter:label1\" content=\"Dur\u00e9e de lecture estim\u00e9e\" \/>\n\t<meta name=\"twitter:data1\" content=\"9 minutes\" \/>\n<script type=\"application\/ld+json\" class=\"yoast-schema-graph\">{\"@context\":\"https:\\\/\\\/schema.org\",\"@graph\":[{\"@type\":\"WebPage\",\"@id\":\"https:\\\/\\\/www.turismealtcamp.cat\\\/fr\\\/fetes-et-foires\\\/\",\"url\":\"https:\\\/\\\/www.turismealtcamp.cat\\\/fr\\\/fetes-et-foires\\\/\",\"name\":\"F\u00eates et foires - Turisme a l&#039;Alt Camp\",\"isPartOf\":{\"@id\":\"https:\\\/\\\/www.turismealtcamp.cat\\\/fr\\\/#website\"},\"primaryImageOfPage\":{\"@id\":\"https:\\\/\\\/www.turismealtcamp.cat\\\/fr\\\/fetes-et-foires\\\/#primaryimage\"},\"image\":{\"@id\":\"https:\\\/\\\/www.turismealtcamp.cat\\\/fr\\\/fetes-et-foires\\\/#primaryimage\"},\"thumbnailUrl\":\"https:\\\/\\\/www.turismealtcamp.cat\\\/wp-content\\\/uploads\\\/2025\\\/01\\\/Mesa-de-trabajo-2@3x.png\",\"datePublished\":\"2024-10-23T17:40:49+00:00\",\"dateModified\":\"2025-01-20T11:04:04+00:00\",\"breadcrumb\":{\"@id\":\"https:\\\/\\\/www.turismealtcamp.cat\\\/fr\\\/fetes-et-foires\\\/#breadcrumb\"},\"inLanguage\":\"fr-FR\",\"potentialAction\":[{\"@type\":\"ReadAction\",\"target\":[\"https:\\\/\\\/www.turismealtcamp.cat\\\/fr\\\/fetes-et-foires\\\/\"]}]},{\"@type\":\"ImageObject\",\"inLanguage\":\"fr-FR\",\"@id\":\"https:\\\/\\\/www.turismealtcamp.cat\\\/fr\\\/fetes-et-foires\\\/#primaryimage\",\"url\":\"https:\\\/\\\/www.turismealtcamp.cat\\\/wp-content\\\/uploads\\\/2025\\\/01\\\/Mesa-de-trabajo-2@3x.png\",\"contentUrl\":\"https:\\\/\\\/www.turismealtcamp.cat\\\/wp-content\\\/uploads\\\/2025\\\/01\\\/Mesa-de-trabajo-2@3x.png\"},{\"@type\":\"BreadcrumbList\",\"@id\":\"https:\\\/\\\/www.turismealtcamp.cat\\\/fr\\\/fetes-et-foires\\\/#breadcrumb\",\"itemListElement\":[{\"@type\":\"ListItem\",\"position\":1,\"name\":\"Inici\",\"item\":\"https:\\\/\\\/www.turismealtcamp.cat\\\/fr\\\/\"},{\"@type\":\"ListItem\",\"position\":2,\"name\":\"F\u00eates et foires\"}]},{\"@type\":\"WebSite\",\"@id\":\"https:\\\/\\\/www.turismealtcamp.cat\\\/fr\\\/#website\",\"url\":\"https:\\\/\\\/www.turismealtcamp.cat\\\/fr\\\/\",\"name\":\"Turisme a l'Alt Camp\",\"description\":\"Turisme a l&#039;Alt Camp\",\"publisher\":{\"@id\":\"https:\\\/\\\/www.turismealtcamp.cat\\\/fr\\\/#organization\"},\"potentialAction\":[{\"@type\":\"SearchAction\",\"target\":{\"@type\":\"EntryPoint\",\"urlTemplate\":\"https:\\\/\\\/www.turismealtcamp.cat\\\/fr\\\/?s={search_term_string}\"},\"query-input\":{\"@type\":\"PropertyValueSpecification\",\"valueRequired\":true,\"valueName\":\"search_term_string\"}}],\"inLanguage\":\"fr-FR\"},{\"@type\":\"Organization\",\"@id\":\"https:\\\/\\\/www.turismealtcamp.cat\\\/fr\\\/#organization\",\"name\":\"Turisme a l'Alt Camp\",\"url\":\"https:\\\/\\\/www.turismealtcamp.cat\\\/fr\\\/\",\"logo\":{\"@type\":\"ImageObject\",\"inLanguage\":\"fr-FR\",\"@id\":\"https:\\\/\\\/www.turismealtcamp.cat\\\/fr\\\/#\\\/schema\\\/logo\\\/image\\\/\",\"url\":\"https:\\\/\\\/www.turismealtcamp.cat\\\/wp-content\\\/uploads\\\/2024\\\/09\\\/turisme-alt-camp.png\",\"contentUrl\":\"https:\\\/\\\/www.turismealtcamp.cat\\\/wp-content\\\/uploads\\\/2024\\\/09\\\/turisme-alt-camp.png\",\"width\":219,\"height\":100,\"caption\":\"Turisme a l'Alt Camp\"},\"image\":{\"@id\":\"https:\\\/\\\/www.turismealtcamp.cat\\\/fr\\\/#\\\/schema\\\/logo\\\/image\\\/\"},\"sameAs\":[\"https:\\\/\\\/es-es.facebook.com\\\/turismealtcamp\\\/\",\"https:\\\/\\\/x.com\\\/turismealtcamp\",\"https:\\\/\\\/www.instagram.com\\\/turismealtcamp\\\/\",\"https:\\\/\\\/www.youtube.com\\\/@TurismeAltCamp\"]}]}<\/script>\n<!-- \/ Yoast SEO plugin. -->","yoast_head_json":{"title":"F\u00eates et foires - Turisme a l&#039;Alt Camp","robots":{"index":"index","follow":"follow","max-snippet":"max-snippet:-1","max-image-preview":"max-image-preview:large","max-video-preview":"max-video-preview:-1"},"canonical":"https:\/\/www.turismealtcamp.cat\/fr\/fetes-et-foires\/","og_locale":"fr_FR","og_type":"article","og_title":"F\u00eates et foires - Turisme a l&#039;Alt Camp","og_description":"Janvier 01 \u2022 El Pont d\u2019Armentera\u00a0: Grande f\u00eate du Sant Crist, procession du pain b\u00e9ni (3 janvier) \u2022\u00a0El Pla de Santa Maria\u00a0: Festival d\u2019hiver (7 janvier) \u2022\u00a0La Mas\u00f3\u00a0: Grande F\u00eate d\u2019Hiver, en l\u2019honneur de Sant Sebasti\u00e0 (20 janvier) \u2022\u00a0Montferri: Grande F\u00eate d\u2019Hiver, en l\u2019honneur de Sant Sebasti\u00e0 (20 janvier) \u2022\u00a0Nulles\u00a0: Grande F\u00eate d\u2019Hiver, en l\u2019honneur [&hellip;]","og_url":"https:\/\/www.turismealtcamp.cat\/fr\/fetes-et-foires\/","og_site_name":"Turisme a l&#039;Alt Camp","article_publisher":"https:\/\/es-es.facebook.com\/turismealtcamp\/","article_modified_time":"2025-01-20T11:04:04+00:00","og_image":[{"url":"https:\/\/www.turismealtcamp.cat\/wp-content\/uploads\/2025\/01\/Mesa-de-trabajo-2@3x.png","type":"","width":"","height":""}],"twitter_card":"summary_large_image","twitter_site":"@turismealtcamp","twitter_misc":{"Dur\u00e9e de lecture estim\u00e9e":"9 minutes"},"schema":{"@context":"https:\/\/schema.org","@graph":[{"@type":"WebPage","@id":"https:\/\/www.turismealtcamp.cat\/fr\/fetes-et-foires\/","url":"https:\/\/www.turismealtcamp.cat\/fr\/fetes-et-foires\/","name":"F\u00eates et foires - Turisme a l&#039;Alt Camp","isPartOf":{"@id":"https:\/\/www.turismealtcamp.cat\/fr\/#website"},"primaryImageOfPage":{"@id":"https:\/\/www.turismealtcamp.cat\/fr\/fetes-et-foires\/#primaryimage"},"image":{"@id":"https:\/\/www.turismealtcamp.cat\/fr\/fetes-et-foires\/#primaryimage"},"thumbnailUrl":"https:\/\/www.turismealtcamp.cat\/wp-content\/uploads\/2025\/01\/Mesa-de-trabajo-2@3x.png","datePublished":"2024-10-23T17:40:49+00:00","dateModified":"2025-01-20T11:04:04+00:00","breadcrumb":{"@id":"https:\/\/www.turismealtcamp.cat\/fr\/fetes-et-foires\/#breadcrumb"},"inLanguage":"fr-FR","potentialAction":[{"@type":"ReadAction","target":["https:\/\/www.turismealtcamp.cat\/fr\/fetes-et-foires\/"]}]},{"@type":"ImageObject","inLanguage":"fr-FR","@id":"https:\/\/www.turismealtcamp.cat\/fr\/fetes-et-foires\/#primaryimage","url":"https:\/\/www.turismealtcamp.cat\/wp-content\/uploads\/2025\/01\/Mesa-de-trabajo-2@3x.png","contentUrl":"https:\/\/www.turismealtcamp.cat\/wp-content\/uploads\/2025\/01\/Mesa-de-trabajo-2@3x.png"},{"@type":"BreadcrumbList","@id":"https:\/\/www.turismealtcamp.cat\/fr\/fetes-et-foires\/#breadcrumb","itemListElement":[{"@type":"ListItem","position":1,"name":"Inici","item":"https:\/\/www.turismealtcamp.cat\/fr\/"},{"@type":"ListItem","position":2,"name":"F\u00eates et foires"}]},{"@type":"WebSite","@id":"https:\/\/www.turismealtcamp.cat\/fr\/#website","url":"https:\/\/www.turismealtcamp.cat\/fr\/","name":"Turisme a l'Alt Camp","description":"Turisme a l&#039;Alt Camp","publisher":{"@id":"https:\/\/www.turismealtcamp.cat\/fr\/#organization"},"potentialAction":[{"@type":"SearchAction","target":{"@type":"EntryPoint","urlTemplate":"https:\/\/www.turismealtcamp.cat\/fr\/?s={search_term_string}"},"query-input":{"@type":"PropertyValueSpecification","valueRequired":true,"valueName":"search_term_string"}}],"inLanguage":"fr-FR"},{"@type":"Organization","@id":"https:\/\/www.turismealtcamp.cat\/fr\/#organization","name":"Turisme a l'Alt Camp","url":"https:\/\/www.turismealtcamp.cat\/fr\/","logo":{"@type":"ImageObject","inLanguage":"fr-FR","@id":"https:\/\/www.turismealtcamp.cat\/fr\/#\/schema\/logo\/image\/","url":"https:\/\/www.turismealtcamp.cat\/wp-content\/uploads\/2024\/09\/turisme-alt-camp.png","contentUrl":"https:\/\/www.turismealtcamp.cat\/wp-content\/uploads\/2024\/09\/turisme-alt-camp.png","width":219,"height":100,"caption":"Turisme a l'Alt Camp"},"image":{"@id":"https:\/\/www.turismealtcamp.cat\/fr\/#\/schema\/logo\/image\/"},"sameAs":["https:\/\/es-es.facebook.com\/turismealtcamp\/","https:\/\/x.com\/turismealtcamp","https:\/\/www.instagram.com\/turismealtcamp\/","https:\/\/www.youtube.com\/@TurismeAltCamp"]}]}},"_links":{"self":[{"href":"https:\/\/www.turismealtcamp.cat\/fr\/wp-json\/wp\/v2\/pages\/8381","targetHints":{"allow":["GET"]}}],"collection":[{"href":"https:\/\/www.turismealtcamp.cat\/fr\/wp-json\/wp\/v2\/pages"}],"about":[{"href":"https:\/\/www.turismealtcamp.cat\/fr\/wp-json\/wp\/v2\/types\/page"}],"author":[{"embeddable":true,"href":"https:\/\/www.turismealtcamp.cat\/fr\/wp-json\/wp\/v2\/users\/1"}],"replies":[{"embeddable":true,"href":"https:\/\/www.turismealtcamp.cat\/fr\/wp-json\/wp\/v2\/comments?post=8381"}],"version-history":[{"count":6,"href":"https:\/\/www.turismealtcamp.cat\/fr\/wp-json\/wp\/v2\/pages\/8381\/revisions"}],"predecessor-version":[{"id":11335,"href":"https:\/\/www.turismealtcamp.cat\/fr\/wp-json\/wp\/v2\/pages\/8381\/revisions\/11335"}],"wp:attachment":[{"href":"https:\/\/www.turismealtcamp.cat\/fr\/wp-json\/wp\/v2\/media?parent=8381"}],"curies":[{"name":"wp","href":"https:\/\/api.w.org\/{rel}","templated":true}]}}