{"id":7919,"date":"2024-09-20T14:54:57","date_gmt":"2024-09-20T12:54:57","guid":{"rendered":"https:\/\/www.turismealtcamp.cat\/alt-camp\/"},"modified":"2024-12-12T11:03:31","modified_gmt":"2024-12-12T09:03:31","slug":"alt-camp","status":"publish","type":"page","link":"https:\/\/www.turismealtcamp.cat\/es\/alt-camp\/","title":{"rendered":"El Alt Camp"},"content":{"rendered":"\t\t<div data-elementor-type=\"wp-page\" data-elementor-id=\"7919\" class=\"elementor elementor-7919 elementor-410\">\n\t\t\t\t<div class=\"elementor-element elementor-element-949611f e-flex e-con-boxed e-con e-parent\" data-id=\"949611f\" data-element_type=\"container\" data-e-type=\"container\">\n\t\t\t\t\t<div class=\"e-con-inner\">\n\t\t<div class=\"elementor-element elementor-element-fcf5b6f e-con-full e-flex e-con e-child\" data-id=\"fcf5b6f\" data-element_type=\"container\" data-e-type=\"container\">\n\t\t\t\t<div class=\"elementor-element elementor-element-eb5b4e4 elementor-widget elementor-widget-video\" data-id=\"eb5b4e4\" data-element_type=\"widget\" data-e-type=\"widget\" data-settings=\"{&quot;youtube_url&quot;:&quot;https:\\\/\\\/www.youtube.com\\\/watch?v=dCXlqsTlA6k&quot;,&quot;yt_privacy&quot;:&quot;yes&quot;,&quot;video_type&quot;:&quot;youtube&quot;,&quot;controls&quot;:&quot;yes&quot;}\" data-widget_type=\"video.default\">\n\t\t\t\t<div class=\"elementor-widget-container\">\n\t\t\t\t\t\t\t<div class=\"elementor-wrapper elementor-open-inline\">\n\t\t\t<div class=\"elementor-video\"><\/div>\t\t<\/div>\n\t\t\t\t\t\t<\/div>\n\t\t\t\t<\/div>\n\t\t\t\t<div class=\"elementor-element elementor-element-0ee84f1 elementor-widget elementor-widget-text-editor\" data-id=\"0ee84f1\" data-element_type=\"widget\" data-e-type=\"widget\" data-widget_type=\"text-editor.default\">\n\t\t\t\t<div class=\"elementor-widget-container\">\n\t\t\t\t\t\t\t\t\t<p><strong>\u00a1Bienvenidas y bienvenidos al Alt Camp! \u00a1Qu\u00e9 suerte que ten\u00e9is de estar aqu\u00ed!<\/strong><\/p>\n<p>El <strong>Alt Camp<\/strong> es la primera comarca de <strong>Catalunya<\/strong>, tambi\u00e9n en orden alfab\u00e9tico; no teng\u00e1is ninguna duda. No hay ninguna otra comarca con los atractivos que tiene la nuestra. Sed bienvenidas y bienvenidos a casa, veng\u00e1is de donde veng\u00e1is. Lo que est\u00e1is a punto de conocer no lo olvidar\u00e9is nunca m\u00e1s. \u00a1Manos a la obra!<\/p>\n<p>Una tierra es buena si tiene el mar cerca (en el <strong>Alt Camp<\/strong> hay algarrobos, el \u00e1rbol que tiene que ver el mar para dar frutos), si la monta\u00f1a le para el viento del norte y si una llanura extensa y f\u00e9rtil la ba\u00f1an dos r\u00edos. Si a todo esto a\u00f1ad\u00eds una capital activa y viva, pero no excesivamente grande; veintitr\u00e9s municipios, una entidad municipal descentralizada y algunos pueblos m\u00e1s, eminentemente agr\u00edcolas; ni gota de masificaci\u00f3n; un monasterio cisterciense, y un paisaje que el poeta bautiz\u00f3, quien sabe si por a\u00f1oranza, la Toscana catalana, aqu\u00ed ten\u00e9is el <strong>Alt Camp<\/strong>; no hay otra tierra como \u00e9sta.<\/p>\n<p>No os perd\u00e1is el <strong>monasterio de Santes Creus<\/strong>, la joya cisterciense; la <strong>Iglesia Arciprestal de Sant Joan<\/strong>, templo g\u00f3tico que acoge una buena colecci\u00f3n de escultura barroca; la <strong>iglesia rom\u00e1nica de Sant Ramon<\/strong> del <strong>Pla de Santa Maria<\/strong>, la m\u00e1s bella de la comarca; el <strong>Santuario de la Virgen Mar\u00eda de Montserrat<\/strong> de <strong>Montferri<\/strong>, obra insigne del arquitecto <strong>Josep M. Jujol<\/strong>; la <strong>Capilla de Roser<\/strong> de <strong>Valls<\/strong>, con los plafones de baldosas conmemorativas de la <strong>Batalla de Lepanto<\/strong>, \u00fanicos en el mundo; la <strong>ermita de Roser<\/strong> de <strong>Vallmoll<\/strong>, otra obra de <strong>Jujol<\/strong>, con un retablo renacentista casi desconocido; la <strong>iglesia de Sant Jaume<\/strong> de <strong>Br\u00e0fim<\/strong>, con un \u00f3rgano y un retablo mayor barrocos; la <strong>Catedral del Vino<\/strong> de <strong>Nulles<\/strong>, la magn\u00edfica bodega del arquitecto <strong>C\u00e8sar Martinell<\/strong>, el m\u00e1s bonito de todos; el <strong>Columbario<\/strong> de <strong>Vila-rodona<\/strong>, un monumento funerario romano \u00fanico en el mundo, y la <strong>ermita del Remei<\/strong> de <strong>Alcover<\/strong>, la puerta de entrada a la caprichosa naturaleza que rodea el <strong>r\u00edo Glorieta<\/strong>.<\/p>\n<p>\u00bfQuer\u00e9is m\u00e1s? Est\u00e1is en la plaza de los castells, a la cuna de los <strong>Xiquets de Valls<\/strong>, el <strong>km 0 del mundo casteller<\/strong>; en la tierra de origen de la <strong>cal\u00e7otada<\/strong>; en las calles donde nacieron <strong>Narc\u00eds Oller<\/strong>, <strong>Jaume Mercad\u00e9<\/strong>, <strong>Carles Card\u00f3<\/strong>, <strong>Robert Gerhard<\/strong>, <strong>C\u00e8sar Martinell<\/strong>&#8230; Haced noche, pasead por sus calles, entrad y comprad en las tiendas, algunas de las cuales \u00fanicas en el pa\u00eds y disfrutad de nuestros restaurantes, los mejores entre los mejores.<\/p>\n<p>\u00bfLo veis? Est\u00e1is en la primera comarca de <strong>Catalunya<\/strong>&#8230; o quiz\u00e1s del mundo.<\/p>\n\t\t\t\t\t\t\t\t<\/div>\n\t\t\t\t<\/div>\n\t\t\t\t<\/div>\n\t\t<div class=\"elementor-element elementor-element-16d2c44 e-con-full e-flex e-con e-child\" data-id=\"16d2c44\" data-element_type=\"container\" data-e-type=\"container\">\n\t\t\t\t<div class=\"elementor-element elementor-element-e0c9371 elementor-widget elementor-widget-shortcode\" data-id=\"e0c9371\" data-element_type=\"widget\" data-e-type=\"widget\" data-widget_type=\"shortcode.default\">\n\t\t\t\t<div class=\"elementor-widget-container\">\n\t\t\t\t\t\t\t<div class=\"elementor-shortcode\"><div class=\"poblacions-menu\"><div class=\"poblacions-menu-tit\"><a href=\"https:\/\/www.turismealtcamp.cat\/alt-camp\/\">El Alt Camp<\/a><\/div><ul><li><a href=\"https:\/\/www.turismealtcamp.cat\/es\/alt-camp\/aiguamurcia\/\">Aiguam\u00farcia<\/a><ul><li><a href=\"https:\/\/www.turismealtcamp.cat\/es\/alt-camp\/aiguamurcia\/santes-creus\/\">Santes Creus<\/a><\/li><\/ul><\/li><li><a href=\"https:\/\/www.turismealtcamp.cat\/es\/alt-camp\/alcover\/\">Alcover<\/a><\/li><li><a href=\"https:\/\/www.turismealtcamp.cat\/es\/alt-camp\/alio\/\">Ali\u00f3<\/a><\/li><li><a href=\"https:\/\/www.turismealtcamp.cat\/es\/alt-camp\/brafim\/\">Br\u00e0fim<\/a><\/li><li><a href=\"https:\/\/www.turismealtcamp.cat\/es\/alt-camp\/cabra-del-camp\/\">Cabra del Camp<\/a><\/li><li><a href=\"https:\/\/www.turismealtcamp.cat\/es\/alt-camp\/el-mila\/\">El Mil\u00e0<\/a><\/li><li><a href=\"https:\/\/www.turismealtcamp.cat\/es\/alt-camp\/el-pla-de-santa-maria\/\">El Pla de Santa Maria<\/a><\/li><li><a href=\"https:\/\/www.turismealtcamp.cat\/es\/alt-camp\/el-pont-darmentera\/\">El Pont d&#8217;Armentera<\/a><\/li><li><a href=\"https:\/\/www.turismealtcamp.cat\/es\/alt-camp\/el-rourell\/\">El Rourell<\/a><\/li><li><a href=\"https:\/\/www.turismealtcamp.cat\/es\/alt-camp\/els-garidells\/\">Els Garidells<\/a><\/li><li><a href=\"https:\/\/www.turismealtcamp.cat\/es\/alt-camp\/figuerola-del-camp\/\">Figuerola del Camp<\/a><\/li><li><a href=\"https:\/\/www.turismealtcamp.cat\/es\/alt-camp\/la-maso\/\">La Mas\u00f3<\/a><\/li><li><a href=\"https:\/\/www.turismealtcamp.cat\/es\/alt-camp\/la-riba\/\">La Riba<\/a><\/li><li><a href=\"https:\/\/www.turismealtcamp.cat\/es\/alt-camp\/mont-ral\/\">Mont-ral<\/a><\/li><li><a href=\"https:\/\/www.turismealtcamp.cat\/es\/alt-camp\/montferri\/\">Montferri<\/a><\/li><li><a href=\"https:\/\/www.turismealtcamp.cat\/es\/alt-camp\/nulles\/\">Nulles<\/a><\/li><li><a href=\"https:\/\/www.turismealtcamp.cat\/es\/alt-camp\/picamoixons\/\">Picamoixons<\/a><\/li><li><a href=\"https:\/\/www.turismealtcamp.cat\/es\/alt-camp\/puigpelat\/\">Puigpelat<\/a><\/li><li><a href=\"https:\/\/www.turismealtcamp.cat\/es\/alt-camp\/querol\/\">Querol<\/a><\/li><li><a href=\"https:\/\/www.turismealtcamp.cat\/es\/alt-camp\/rodonya\/\">Rodony\u00e0<\/a><\/li><li><a href=\"https:\/\/www.turismealtcamp.cat\/es\/alt-camp\/vallmoll\/\">Vallmoll<\/a><\/li><li><a href=\"https:\/\/www.turismealtcamp.cat\/es\/alt-camp\/valls\/\">Valls<\/a><\/li><li><a href=\"https:\/\/www.turismealtcamp.cat\/es\/alt-camp\/vila-rodona\/\">Vila-rodona<\/a><\/li><li><a href=\"https:\/\/www.turismealtcamp.cat\/es\/alt-camp\/vilabella\/\">Vilabella<\/a><\/li><\/ul><\/div><\/div>\n\t\t\t\t\t\t<\/div>\n\t\t\t\t<\/div>\n\t\t\t\t<div class=\"elementor-element elementor-element-dfb71ec elementor-widget elementor-widget-heading\" data-id=\"dfb71ec\" data-element_type=\"widget\" data-e-type=\"widget\" data-widget_type=\"heading.default\">\n\t\t\t\t<div class=\"elementor-widget-container\">\n\t\t\t\t\t<h2 class=\"elementor-heading-title elementor-size-default\">Material gr\u00e1fico<\/h2>\t\t\t\t<\/div>\n\t\t\t\t<\/div>\n\t\t\t\t<div class=\"elementor-element elementor-element-0a7099b elementor-widget elementor-widget-text-editor\" data-id=\"0a7099b\" data-element_type=\"widget\" data-e-type=\"widget\" data-widget_type=\"text-editor.default\">\n\t\t\t\t<div class=\"elementor-widget-container\">\n\t\t\t\t\t\t\t\t\t<p>En este apartado pod\u00e9is descargar todo el material tur\u00edstico relacionado con la comarca haciendo clic en los enlaces siguientes:<\/p>\n\t\t\t\t\t\t\t\t<\/div>\n\t\t\t\t<\/div>\n\t\t\t\t<div class=\"elementor-element elementor-element-55ef901 elementor-align-justify elementor-widget elementor-widget-button\" data-id=\"55ef901\" data-element_type=\"widget\" data-e-type=\"widget\" data-widget_type=\"button.default\">\n\t\t\t\t<div class=\"elementor-widget-container\">\n\t\t\t\t\t\t\t\t\t<div class=\"elementor-button-wrapper\">\n\t\t\t\t\t<a class=\"elementor-button elementor-button-link elementor-size-sm\" href=\"https:\/\/www.turismealtcamp.cat\/wp-content\/uploads\/2024\/10\/lamines-pintar-alt-camp.pdf\" target=\"_blank\">\n\t\t\t\t\t\t<span class=\"elementor-button-content-wrapper\">\n\t\t\t\t\t\t\t\t\t<span class=\"elementor-button-text\">L\u00e1minas para pintar el Alt Camp<\/span>\n\t\t\t\t\t<\/span>\n\t\t\t\t\t<\/a>\n\t\t\t\t<\/div>\n\t\t\t\t\t\t\t\t<\/div>\n\t\t\t\t<\/div>\n\t\t\t\t<div class=\"elementor-element elementor-element-828dd58 elementor-align-justify elementor-widget elementor-widget-button\" data-id=\"828dd58\" data-element_type=\"widget\" data-e-type=\"widget\" data-widget_type=\"button.default\">\n\t\t\t\t<div class=\"elementor-widget-container\">\n\t\t\t\t\t\t\t\t\t<div class=\"elementor-button-wrapper\">\n\t\t\t\t\t<a class=\"elementor-button elementor-button-link elementor-size-sm\" href=\"https:\/\/www.turismealtcamp.cat\/wp-content\/uploads\/2024\/10\/mapa-alt-camp.pdf\" target=\"_blank\">\n\t\t\t\t\t\t<span class=\"elementor-button-content-wrapper\">\n\t\t\t\t\t\t\t\t\t<span class=\"elementor-button-text\">Mapa del Alt Camp<\/span>\n\t\t\t\t\t<\/span>\n\t\t\t\t\t<\/a>\n\t\t\t\t<\/div>\n\t\t\t\t\t\t\t\t<\/div>\n\t\t\t\t<\/div>\n\t\t\t\t<div class=\"elementor-element elementor-element-8f1df67 elementor-align-justify elementor-widget elementor-widget-button\" data-id=\"8f1df67\" data-element_type=\"widget\" data-e-type=\"widget\" data-widget_type=\"button.default\">\n\t\t\t\t<div class=\"elementor-widget-container\">\n\t\t\t\t\t\t\t\t\t<div class=\"elementor-button-wrapper\">\n\t\t\t\t\t<a class=\"elementor-button elementor-button-link elementor-size-sm\" href=\"https:\/\/www.turismealtcamp.cat\/wp-content\/uploads\/2024\/12\/guia-turistica-alt-camp-patrimoni.pdf\" target=\"_blank\">\n\t\t\t\t\t\t<span class=\"elementor-button-content-wrapper\">\n\t\t\t\t\t\t\t\t\t<span class=\"elementor-button-text\">Guia tur\u00edstica<\/span>\n\t\t\t\t\t<\/span>\n\t\t\t\t\t<\/a>\n\t\t\t\t<\/div>\n\t\t\t\t\t\t\t\t<\/div>\n\t\t\t\t<\/div>\n\t\t\t\t<\/div>\n\t\t\t\t\t<\/div>\n\t\t\t\t<\/div>\n\t\t\t\t<\/div>\n\t\t","protected":false},"excerpt":{"rendered":"<p>https:\/\/www.youtube.com\/watch?v=dCXlqsTlA6k \u00a1Bienvenidas y bienvenidos al Alt Camp! \u00a1Qu\u00e9 suerte que ten\u00e9is de estar aqu\u00ed! El Alt Camp es la primera comarca de Catalunya, tambi\u00e9n en orden alfab\u00e9tico; no teng\u00e1is ninguna duda. No hay ninguna otra comarca con los atractivos que tiene la nuestra. Sed bienvenidas y bienvenidos a casa, veng\u00e1is de donde veng\u00e1is. Lo que [&hellip;]<\/p>\n","protected":false},"author":1,"featured_media":0,"parent":0,"menu_order":0,"comment_status":"closed","ping_status":"closed","template":"","meta":{"ocean_post_layout":"","ocean_both_sidebars_style":"","ocean_both_sidebars_content_width":0,"ocean_both_sidebars_sidebars_width":0,"ocean_sidebar":"","ocean_second_sidebar":"","ocean_disable_margins":"enable","ocean_add_body_class":"","ocean_shortcode_before_top_bar":"","ocean_shortcode_after_top_bar":"","ocean_shortcode_before_header":"","ocean_shortcode_after_header":"","ocean_has_shortcode":"","ocean_shortcode_after_title":"","ocean_shortcode_before_footer_widgets":"","ocean_shortcode_after_footer_widgets":"","ocean_shortcode_before_footer_bottom":"","ocean_shortcode_after_footer_bottom":"","ocean_display_top_bar":"default","ocean_display_header":"default","ocean_header_style":"","ocean_center_header_left_menu":"","ocean_custom_header_template":"","ocean_custom_logo":0,"ocean_custom_retina_logo":0,"ocean_custom_logo_max_width":0,"ocean_custom_logo_tablet_max_width":0,"ocean_custom_logo_mobile_max_width":0,"ocean_custom_logo_max_height":0,"ocean_custom_logo_tablet_max_height":0,"ocean_custom_logo_mobile_max_height":0,"ocean_header_custom_menu":"","ocean_menu_typo_font_family":"","ocean_menu_typo_font_subset":"","ocean_menu_typo_font_size":0,"ocean_menu_typo_font_size_tablet":0,"ocean_menu_typo_font_size_mobile":0,"ocean_menu_typo_font_size_unit":"px","ocean_menu_typo_font_weight":"","ocean_menu_typo_font_weight_tablet":"","ocean_menu_typo_font_weight_mobile":"","ocean_menu_typo_transform":"","ocean_menu_typo_transform_tablet":"","ocean_menu_typo_transform_mobile":"","ocean_menu_typo_line_height":0,"ocean_menu_typo_line_height_tablet":0,"ocean_menu_typo_line_height_mobile":0,"ocean_menu_typo_line_height_unit":"","ocean_menu_typo_spacing":0,"ocean_menu_typo_spacing_tablet":0,"ocean_menu_typo_spacing_mobile":0,"ocean_menu_typo_spacing_unit":"","ocean_menu_link_color":"","ocean_menu_link_color_hover":"","ocean_menu_link_color_active":"","ocean_menu_link_background":"","ocean_menu_link_hover_background":"","ocean_menu_link_active_background":"","ocean_menu_social_links_bg":"","ocean_menu_social_hover_links_bg":"","ocean_menu_social_links_color":"","ocean_menu_social_hover_links_color":"","ocean_disable_title":"enable","ocean_disable_heading":"enable","ocean_post_title":"","ocean_post_subheading":"\u00a1Una comarca para disfrutar!","ocean_post_title_style":"background-image","ocean_post_title_background_color":"","ocean_post_title_background":2399,"ocean_post_title_bg_image_position":"center center","ocean_post_title_bg_image_attachment":"scroll","ocean_post_title_bg_image_repeat":"no-repeat","ocean_post_title_bg_image_size":"cover","ocean_post_title_height":0,"ocean_post_title_bg_overlay":0.5,"ocean_post_title_bg_overlay_color":"","ocean_disable_breadcrumbs":"off","ocean_breadcrumbs_color":"","ocean_breadcrumbs_separator_color":"","ocean_breadcrumbs_links_color":"","ocean_breadcrumbs_links_hover_color":"","ocean_display_footer_widgets":"default","ocean_display_footer_bottom":"default","ocean_custom_footer_template":"","footnotes":""},"class_list":["post-7919","page","type-page","status-publish","hentry","entry"],"yoast_head":"<!-- This site is optimized with the Yoast SEO plugin v27.4 - https:\/\/yoast.com\/product\/yoast-seo-wordpress\/ -->\n<title>El Alt Camp - Turisme a l&#039;Alt Camp<\/title>\n<meta name=\"robots\" content=\"index, follow, max-snippet:-1, max-image-preview:large, max-video-preview:-1\" \/>\n<link rel=\"canonical\" href=\"https:\/\/www.turismealtcamp.cat\/es\/alt-camp\/\" \/>\n<meta property=\"og:locale\" content=\"es_ES\" \/>\n<meta property=\"og:type\" content=\"article\" \/>\n<meta property=\"og:title\" content=\"El Alt Camp - Turisme a l&#039;Alt Camp\" \/>\n<meta property=\"og:description\" content=\"https:\/\/www.youtube.com\/watch?v=dCXlqsTlA6k \u00a1Bienvenidas y bienvenidos al Alt Camp! \u00a1Qu\u00e9 suerte que ten\u00e9is de estar aqu\u00ed! El Alt Camp es la primera comarca de Catalunya, tambi\u00e9n en orden alfab\u00e9tico; no teng\u00e1is ninguna duda. No hay ninguna otra comarca con los atractivos que tiene la nuestra. Sed bienvenidas y bienvenidos a casa, veng\u00e1is de donde veng\u00e1is. Lo que [&hellip;]\" \/>\n<meta property=\"og:url\" content=\"https:\/\/www.turismealtcamp.cat\/es\/alt-camp\/\" \/>\n<meta property=\"og:site_name\" content=\"Turisme a l&#039;Alt Camp\" \/>\n<meta property=\"article:publisher\" content=\"https:\/\/es-es.facebook.com\/turismealtcamp\/\" \/>\n<meta property=\"article:modified_time\" content=\"2024-12-12T09:03:31+00:00\" \/>\n<meta name=\"twitter:card\" content=\"summary_large_image\" \/>\n<meta name=\"twitter:site\" content=\"@turismealtcamp\" \/>\n<meta name=\"twitter:label1\" content=\"Tiempo de lectura\" \/>\n\t<meta name=\"twitter:data1\" content=\"3 minutos\" \/>\n<script type=\"application\/ld+json\" class=\"yoast-schema-graph\">{\"@context\":\"https:\\\/\\\/schema.org\",\"@graph\":[{\"@type\":\"WebPage\",\"@id\":\"https:\\\/\\\/www.turismealtcamp.cat\\\/es\\\/alt-camp\\\/\",\"url\":\"https:\\\/\\\/www.turismealtcamp.cat\\\/es\\\/alt-camp\\\/\",\"name\":\"El Alt Camp - Turisme a l&#039;Alt Camp\",\"isPartOf\":{\"@id\":\"https:\\\/\\\/www.turismealtcamp.cat\\\/es\\\/#website\"},\"datePublished\":\"2024-09-20T12:54:57+00:00\",\"dateModified\":\"2024-12-12T09:03:31+00:00\",\"breadcrumb\":{\"@id\":\"https:\\\/\\\/www.turismealtcamp.cat\\\/es\\\/alt-camp\\\/#breadcrumb\"},\"inLanguage\":\"es\",\"potentialAction\":[{\"@type\":\"ReadAction\",\"target\":[\"https:\\\/\\\/www.turismealtcamp.cat\\\/es\\\/alt-camp\\\/\"]}]},{\"@type\":\"BreadcrumbList\",\"@id\":\"https:\\\/\\\/www.turismealtcamp.cat\\\/es\\\/alt-camp\\\/#breadcrumb\",\"itemListElement\":[{\"@type\":\"ListItem\",\"position\":1,\"name\":\"Inici\",\"item\":\"https:\\\/\\\/www.turismealtcamp.cat\\\/es\\\/\"},{\"@type\":\"ListItem\",\"position\":2,\"name\":\"El Alt Camp\"}]},{\"@type\":\"WebSite\",\"@id\":\"https:\\\/\\\/www.turismealtcamp.cat\\\/es\\\/#website\",\"url\":\"https:\\\/\\\/www.turismealtcamp.cat\\\/es\\\/\",\"name\":\"Turisme a l'Alt Camp\",\"description\":\"Turisme a l&#039;Alt Camp\",\"publisher\":{\"@id\":\"https:\\\/\\\/www.turismealtcamp.cat\\\/es\\\/#organization\"},\"potentialAction\":[{\"@type\":\"SearchAction\",\"target\":{\"@type\":\"EntryPoint\",\"urlTemplate\":\"https:\\\/\\\/www.turismealtcamp.cat\\\/es\\\/?s={search_term_string}\"},\"query-input\":{\"@type\":\"PropertyValueSpecification\",\"valueRequired\":true,\"valueName\":\"search_term_string\"}}],\"inLanguage\":\"es\"},{\"@type\":\"Organization\",\"@id\":\"https:\\\/\\\/www.turismealtcamp.cat\\\/es\\\/#organization\",\"name\":\"Turisme a l'Alt Camp\",\"url\":\"https:\\\/\\\/www.turismealtcamp.cat\\\/es\\\/\",\"logo\":{\"@type\":\"ImageObject\",\"inLanguage\":\"es\",\"@id\":\"https:\\\/\\\/www.turismealtcamp.cat\\\/es\\\/#\\\/schema\\\/logo\\\/image\\\/\",\"url\":\"https:\\\/\\\/www.turismealtcamp.cat\\\/wp-content\\\/uploads\\\/2024\\\/09\\\/turisme-alt-camp.png\",\"contentUrl\":\"https:\\\/\\\/www.turismealtcamp.cat\\\/wp-content\\\/uploads\\\/2024\\\/09\\\/turisme-alt-camp.png\",\"width\":219,\"height\":100,\"caption\":\"Turisme a l'Alt Camp\"},\"image\":{\"@id\":\"https:\\\/\\\/www.turismealtcamp.cat\\\/es\\\/#\\\/schema\\\/logo\\\/image\\\/\"},\"sameAs\":[\"https:\\\/\\\/es-es.facebook.com\\\/turismealtcamp\\\/\",\"https:\\\/\\\/x.com\\\/turismealtcamp\",\"https:\\\/\\\/www.instagram.com\\\/turismealtcamp\\\/\",\"https:\\\/\\\/www.youtube.com\\\/@TurismeAltCamp\"]}]}<\/script>\n<!-- \/ Yoast SEO plugin. -->","yoast_head_json":{"title":"El Alt Camp - Turisme a l&#039;Alt Camp","robots":{"index":"index","follow":"follow","max-snippet":"max-snippet:-1","max-image-preview":"max-image-preview:large","max-video-preview":"max-video-preview:-1"},"canonical":"https:\/\/www.turismealtcamp.cat\/es\/alt-camp\/","og_locale":"es_ES","og_type":"article","og_title":"El Alt Camp - Turisme a l&#039;Alt Camp","og_description":"https:\/\/www.youtube.com\/watch?v=dCXlqsTlA6k \u00a1Bienvenidas y bienvenidos al Alt Camp! \u00a1Qu\u00e9 suerte que ten\u00e9is de estar aqu\u00ed! El Alt Camp es la primera comarca de Catalunya, tambi\u00e9n en orden alfab\u00e9tico; no teng\u00e1is ninguna duda. No hay ninguna otra comarca con los atractivos que tiene la nuestra. Sed bienvenidas y bienvenidos a casa, veng\u00e1is de donde veng\u00e1is. Lo que [&hellip;]","og_url":"https:\/\/www.turismealtcamp.cat\/es\/alt-camp\/","og_site_name":"Turisme a l&#039;Alt Camp","article_publisher":"https:\/\/es-es.facebook.com\/turismealtcamp\/","article_modified_time":"2024-12-12T09:03:31+00:00","twitter_card":"summary_large_image","twitter_site":"@turismealtcamp","twitter_misc":{"Tiempo de lectura":"3 minutos"},"schema":{"@context":"https:\/\/schema.org","@graph":[{"@type":"WebPage","@id":"https:\/\/www.turismealtcamp.cat\/es\/alt-camp\/","url":"https:\/\/www.turismealtcamp.cat\/es\/alt-camp\/","name":"El Alt Camp - Turisme a l&#039;Alt Camp","isPartOf":{"@id":"https:\/\/www.turismealtcamp.cat\/es\/#website"},"datePublished":"2024-09-20T12:54:57+00:00","dateModified":"2024-12-12T09:03:31+00:00","breadcrumb":{"@id":"https:\/\/www.turismealtcamp.cat\/es\/alt-camp\/#breadcrumb"},"inLanguage":"es","potentialAction":[{"@type":"ReadAction","target":["https:\/\/www.turismealtcamp.cat\/es\/alt-camp\/"]}]},{"@type":"BreadcrumbList","@id":"https:\/\/www.turismealtcamp.cat\/es\/alt-camp\/#breadcrumb","itemListElement":[{"@type":"ListItem","position":1,"name":"Inici","item":"https:\/\/www.turismealtcamp.cat\/es\/"},{"@type":"ListItem","position":2,"name":"El Alt Camp"}]},{"@type":"WebSite","@id":"https:\/\/www.turismealtcamp.cat\/es\/#website","url":"https:\/\/www.turismealtcamp.cat\/es\/","name":"Turisme a l'Alt Camp","description":"Turisme a l&#039;Alt Camp","publisher":{"@id":"https:\/\/www.turismealtcamp.cat\/es\/#organization"},"potentialAction":[{"@type":"SearchAction","target":{"@type":"EntryPoint","urlTemplate":"https:\/\/www.turismealtcamp.cat\/es\/?s={search_term_string}"},"query-input":{"@type":"PropertyValueSpecification","valueRequired":true,"valueName":"search_term_string"}}],"inLanguage":"es"},{"@type":"Organization","@id":"https:\/\/www.turismealtcamp.cat\/es\/#organization","name":"Turisme a l'Alt Camp","url":"https:\/\/www.turismealtcamp.cat\/es\/","logo":{"@type":"ImageObject","inLanguage":"es","@id":"https:\/\/www.turismealtcamp.cat\/es\/#\/schema\/logo\/image\/","url":"https:\/\/www.turismealtcamp.cat\/wp-content\/uploads\/2024\/09\/turisme-alt-camp.png","contentUrl":"https:\/\/www.turismealtcamp.cat\/wp-content\/uploads\/2024\/09\/turisme-alt-camp.png","width":219,"height":100,"caption":"Turisme a l'Alt Camp"},"image":{"@id":"https:\/\/www.turismealtcamp.cat\/es\/#\/schema\/logo\/image\/"},"sameAs":["https:\/\/es-es.facebook.com\/turismealtcamp\/","https:\/\/x.com\/turismealtcamp","https:\/\/www.instagram.com\/turismealtcamp\/","https:\/\/www.youtube.com\/@TurismeAltCamp"]}]}},"_links":{"self":[{"href":"https:\/\/www.turismealtcamp.cat\/es\/wp-json\/wp\/v2\/pages\/7919","targetHints":{"allow":["GET"]}}],"collection":[{"href":"https:\/\/www.turismealtcamp.cat\/es\/wp-json\/wp\/v2\/pages"}],"about":[{"href":"https:\/\/www.turismealtcamp.cat\/es\/wp-json\/wp\/v2\/types\/page"}],"author":[{"embeddable":true,"href":"https:\/\/www.turismealtcamp.cat\/es\/wp-json\/wp\/v2\/users\/1"}],"replies":[{"embeddable":true,"href":"https:\/\/www.turismealtcamp.cat\/es\/wp-json\/wp\/v2\/comments?post=7919"}],"version-history":[{"count":5,"href":"https:\/\/www.turismealtcamp.cat\/es\/wp-json\/wp\/v2\/pages\/7919\/revisions"}],"predecessor-version":[{"id":7938,"href":"https:\/\/www.turismealtcamp.cat\/es\/wp-json\/wp\/v2\/pages\/7919\/revisions\/7938"}],"wp:attachment":[{"href":"https:\/\/www.turismealtcamp.cat\/es\/wp-json\/wp\/v2\/media?parent=7919"}],"curies":[{"name":"wp","href":"https:\/\/api.w.org\/{rel}","templated":true}]}}