{"id":11682,"date":"2024-09-17T12:42:38","date_gmt":"2024-09-17T10:42:38","guid":{"rendered":"https:\/\/www.turismealtcamp.cat\/aviso-legal\/"},"modified":"2025-01-24T10:20:16","modified_gmt":"2025-01-24T08:20:16","slug":"aviso-legal","status":"publish","type":"page","link":"https:\/\/www.turismealtcamp.cat\/es\/aviso-legal\/","title":{"rendered":"Aviso legal"},"content":{"rendered":"\n<p><strong>1\/ Identificaci\u00f3n del titular y objeto<\/strong>&#13;\nTitular del sitio web Consell Comarcal de l\u2019Alt Camp&#13;\nNIF: P9300005G&#13;\nDomicilio social: C. Moss\u00e8n Mart\u00ed, 3 43800 \u2013 Valls (Tarragona).&#13;\nPuede contactar con nosotros por correo electr\u00f3nico consell@altcamp.cat siguiente<\/p>\n\n<ol class=\"wp-block-list\"><\/ol>\n\n<p>Estas condiciones regulan el acceso y navegaci\u00f3n de las personas usuarias a trav\u00e9s de este sitio web. Al visitarlo, acepta estos t\u00e9rminos y condiciones. El titular podr\u00e1 modificar en cualquier momento el contenido y finalidad de este sitio web, as\u00ed como las condiciones.<\/p>\n\n<p>Se considera usuaria a la persona que visita nuestro sitio web, y por tanto acepta estas condiciones.<\/p>\n\n<p>Adem\u00e1s, facilitamos informaci\u00f3n sobre los derechos y deberes de las personas usuarias en relaci\u00f3n a la navegaci\u00f3n a trav\u00e9s de nuestro sitio web, as\u00ed como las responsabilidades que puedan surgir.<\/p>\n\n<p><strong>2\/ Normas de uso del sitio web<\/strong>&#13;\nLa persona usuaria se compromete a no utilizar el sitio web o sus contenidos con fines il\u00edcitos o no autorizados, ya hacer uso del mismo de conformidad con las presentes condiciones generales, siendo las consecuencias de su acci\u00f3n de su exclusiva responsabilidad.<\/p>\n\n<ol start=\"2\" class=\"wp-block-list\"><\/ol>\n\n<p>Esta responsabilidad se extiende a la informaci\u00f3n facilitada por la persona usuaria en cualquier momento, y en particular, en el momento de realizar, en su caso, el registro en el sitio web En caso de que se le proporcione una contrase\u00f1a de acceso, la usuaria ser\u00e1 responsable de su uso diligente y confidencial.<\/p>\n\n<p><strong>3\/ Propiedad intelectual e industrial<\/strong>&#13;\nEl Consell Comarcal de l\u2019Alt Camp es titular de todos los derechos de propiedad intelectual e industrial de este sitio web (y de los contenidos publicados en sus redes sociales), o, en su caso, dispone de las licencias correspondientes sobre los derechos de explotaci\u00f3n de la propiedad intelectual e industrial del sitio web, as\u00ed como de los elementos contenidos en el mismo (a t\u00edtulo enunciado: im\u00e1genes, textos, marcas o logos, combinaciones de colores, estructura y dise\u00f1o, etc.).<\/p>\n\n<ol start=\"3\" class=\"wp-block-list\"><\/ol>\n\n<p>Se reservan todos los derechos de propiedad intelectual e industrial sobre los contenidos del sitio web y, en particular, queda prohibido modificar, copiar, reproducir, comunicar p\u00fablicamente, transformar o distribuir, por cualquier medio y en cualquier forma, su totalidad o parte de los contenidos incluidos en el sitio web.<\/p>\n\n<p>La usuaria respetar\u00e1 los derechos de propiedad intelectual e industrial, pudiendo \u00fanicamente utilizar los contenidos del sitio web dentro de un \u00e1rea dom\u00e9stica y nunca con fines p\u00fablicos o comerciales, sin la autorizaci\u00f3n expresa y por escrito del Consell Comarcal de l\u2019Alt Camp.<\/p>\n\n<p><strong>4\/ Enlaces<\/strong>&#13;\nLa presencia de enlaces de terceros en el sitio web no constituye actividad publicitaria ni recomendaci\u00f3n para el uso del sitio web de terceros, ni la posible contrataci\u00f3n de servicios o productos ofrecidos en destino.<\/p>\n\n<ol start=\"4\" class=\"wp-block-list\"><\/ol>\n\n<p>La titular no asume ninguna responsabilidad relacionada con el contenido, pr\u00e1cticas o disponibilidad de sitios web de terceros.<\/p>\n\n<p>La titular podr\u00eda poner a disposici\u00f3n de los usuarios enlaces a sus perfiles de redes sociales. La propiedad no mantiene ning\u00fan tipo de relaci\u00f3n con estas plataformas y no comparte informaci\u00f3n privada con ellos sobre sus usuarias. El acceso a estas redes sociales a trav\u00e9s del sitio web podr\u00eda implicar la autenticaci\u00f3n del usuario en esta red social, por lo que no controlar el Consell Comarcal de l&#8217;Alt Camp este entorno.<\/p>\n\n<p><strong>5\/ Redes sociales<\/strong>&#13;\nLa persona usuaria se compromete a no utilizar los perfiles de redes sociales del Consell Comarcal de l\u2019Alt Camp, as\u00ed como los contenidos publicados en los mismos con fines il\u00edcitos o no autorizados, respetando los establecidos en estas condiciones y en la misma plataforma de la propia red social, siendo las consecuencias de su actuaci\u00f3n de su exclusiva responsabilidad.<\/p>\n\n<ol start=\"5\" class=\"wp-block-list\"><\/ol>\n\n<p>En particular, el propietario no ser\u00e1 responsable de ning\u00fan contenido o material no publicado directamente por \u00e9l, y en la medida de lo posible, tan pronto como tenga conocimiento de los contenidos contrarios a la normativa vigente, se compromete a retirarlo lo antes posible.<\/p>\n\n<p><strong>6\/ Confidencialidad y protecci\u00f3n de datos personales<\/strong>&#13;\nEl titular tratar\u00e1 los datos personales que nos facilite a trav\u00e9s de su navegaci\u00f3n a trav\u00e9s del sitio web, de acuerdo con la normativa vigente de protecci\u00f3n de datos. Para obtener m\u00e1s informaci\u00f3n, consulte la pol\u00edtica de privacidad.<\/p>\n\n<ol start=\"6\" class=\"wp-block-list\"><\/ol>\n\n<p>La titular utiliza cookies en este sitio web. Para obtener m\u00e1s informaci\u00f3n, consulte la pol\u00edtica de cookies.<\/p>\n\n<p><strong>7\/ Responsabilidad<\/strong>&#13;\nLa titular se exime de cualquier responsabilidad derivada de los da\u00f1os y perjuicios que pueda sufrir la usuaria, o en consecuencia de terceros, producidos o por el acceso uso del sitio web, por la imposibilidad de acceso, por confiar en la informaci\u00f3n que se facilita o al acceder a terceras p\u00e1ginas que se reenv\u00eden.<\/p>\n\n<ol start=\"7\" class=\"wp-block-list\"><\/ol>\n\n<p>La titular no ser\u00e1 responsable de los da\u00f1os y perjuicios causados \u200b\u200bpor cualquier persona que inflija estas condiciones o los sistemas de seguridad del sitio web.<\/p>\n\n<p>La titular no ser\u00e1 responsable de los contenidos publicados o almacenados en ning\u00fan soporte puestos a disposici\u00f3n del usuario en el sitio web No obstante, tan pronto como tenga conocimiento del contenido contrario a la normativa vigente, acepte suprimirlo tan pronto como sea posible.<\/p>\n\n<p>La titular no ser\u00e1 responsable de los errores en el sitio web, virus y\/u otros componentes lesivos y por circunstancias de fuerza mayor que influyan en la continuidad del sitio web o puedan causar da\u00f1os a las usuarias.<\/p>\n\n<p>En cualquier caso, el Consell Comarcal de l\u2019Alt Camp ha realizado todos los esfuerzos necesarios para mantener el sitio web actualizado, con informaci\u00f3n fiable y de calidad, as\u00ed como un funcionamiento seguro y continuo, tomando todas las medidas necesarias desde el punto de vista juridual-organizativo y t\u00e9cnico.<\/p>\n\n<p>En caso de que el usuario considere que existe en el sitio web alg\u00fan contenido que pudiera ser contrario a la legalidad, o que tuviera sospechas de incumplimiento de cualquiera de los puntos de estas condiciones, regiremos que lo notifique inmediatamente a trav\u00e9s de los medios de contacto establecidos.<\/p>\n\n<p><strong>8\/ Ley aplicable y jurisdicci\u00f3n<\/strong>&#13;\nPara la resoluci\u00f3n de cualquier controversia relacionada con el presente sitio web, ser\u00e1 de aplicaci\u00f3n la legislaci\u00f3n espa\u00f1ola vigente en el momento del litigio, a la que se someten expresamente las partes, siendo competentes para la resoluci\u00f3n de todas las controversias derivadas o relacionadas con su uso.<\/p>\n\n<p><strong>9\/ Suspensi\u00f3n del sitio web<\/strong>&#13;\nEl Consell Comarcal de l\u2019Alt Camp podr\u00e1 en cualquier momento suspender el funcionamiento de su p\u00e1gina web, con o sin notificaci\u00f3n previa, y sin que el usuario pueda reclamar indemnizaci\u00f3n alguna por esta causa.<\/p>\n\n<p><em>\u00daltima actualizaci\u00f3n: Diciembre 2024<\/em><\/p>\n","protected":false},"excerpt":{"rendered":"<p>1\/ Identificaci\u00f3n del titular y objeto&#13; Titular del sitio web Consell Comarcal de l\u2019Alt Camp&#13; NIF: P9300005G&#13; Domicilio social: C. Moss\u00e8n Mart\u00ed, 3 43800 \u2013 Valls (Tarragona).&#13; Puede contactar con nosotros por correo electr\u00f3nico consell@altcamp.cat siguiente Estas condiciones regulan el acceso y navegaci\u00f3n de las personas usuarias a trav\u00e9s de este sitio web. Al visitarlo, [&hellip;]<\/p>\n","protected":false},"author":1,"featured_media":0,"parent":0,"menu_order":0,"comment_status":"closed","ping_status":"closed","template":"","meta":{"ocean_post_layout":"full-width","ocean_both_sidebars_style":"","ocean_both_sidebars_content_width":0,"ocean_both_sidebars_sidebars_width":0,"ocean_sidebar":"","ocean_second_sidebar":"","ocean_disable_margins":"enable","ocean_add_body_class":"","ocean_shortcode_before_top_bar":"","ocean_shortcode_after_top_bar":"","ocean_shortcode_before_header":"","ocean_shortcode_after_header":"","ocean_has_shortcode":"","ocean_shortcode_after_title":"","ocean_shortcode_before_footer_widgets":"","ocean_shortcode_after_footer_widgets":"","ocean_shortcode_before_footer_bottom":"","ocean_shortcode_after_footer_bottom":"","ocean_display_top_bar":"on","ocean_display_header":"on","ocean_header_style":"","ocean_center_header_left_menu":"","ocean_custom_header_template":"","ocean_custom_logo":0,"ocean_custom_retina_logo":0,"ocean_custom_logo_max_width":0,"ocean_custom_logo_tablet_max_width":0,"ocean_custom_logo_mobile_max_width":0,"ocean_custom_logo_max_height":0,"ocean_custom_logo_tablet_max_height":0,"ocean_custom_logo_mobile_max_height":0,"ocean_header_custom_menu":"","ocean_menu_typo_font_family":"","ocean_menu_typo_font_subset":"","ocean_menu_typo_font_size":0,"ocean_menu_typo_font_size_tablet":0,"ocean_menu_typo_font_size_mobile":0,"ocean_menu_typo_font_size_unit":"px","ocean_menu_typo_font_weight":"","ocean_menu_typo_font_weight_tablet":"","ocean_menu_typo_font_weight_mobile":"","ocean_menu_typo_transform":"","ocean_menu_typo_transform_tablet":"","ocean_menu_typo_transform_mobile":"","ocean_menu_typo_line_height":0,"ocean_menu_typo_line_height_tablet":0,"ocean_menu_typo_line_height_mobile":0,"ocean_menu_typo_line_height_unit":"","ocean_menu_typo_spacing":0,"ocean_menu_typo_spacing_tablet":0,"ocean_menu_typo_spacing_mobile":0,"ocean_menu_typo_spacing_unit":"","ocean_menu_link_color":"","ocean_menu_link_color_hover":"","ocean_menu_link_color_active":"","ocean_menu_link_background":"","ocean_menu_link_hover_background":"","ocean_menu_link_active_background":"","ocean_menu_social_links_bg":"","ocean_menu_social_hover_links_bg":"","ocean_menu_social_links_color":"","ocean_menu_social_hover_links_color":"","ocean_disable_title":"default","ocean_disable_heading":"default","ocean_post_title":"","ocean_post_subheading":"","ocean_post_title_style":"","ocean_post_title_background_color":"","ocean_post_title_background":0,"ocean_post_title_bg_image_position":"","ocean_post_title_bg_image_attachment":"","ocean_post_title_bg_image_repeat":"","ocean_post_title_bg_image_size":"","ocean_post_title_height":0,"ocean_post_title_bg_overlay":0.5,"ocean_post_title_bg_overlay_color":"","ocean_disable_breadcrumbs":"default","ocean_breadcrumbs_color":"","ocean_breadcrumbs_separator_color":"","ocean_breadcrumbs_links_color":"","ocean_breadcrumbs_links_hover_color":"","ocean_display_footer_widgets":"default","ocean_display_footer_bottom":"default","ocean_custom_footer_template":"","footnotes":""},"class_list":["post-11682","page","type-page","status-publish","hentry","entry"],"yoast_head":"<!-- This site is optimized with the Yoast SEO plugin v27.5 - https:\/\/yoast.com\/product\/yoast-seo-wordpress\/ -->\n<title>Aviso legal - Turisme a l&#039;Alt Camp<\/title>\n<meta name=\"robots\" content=\"index, follow, max-snippet:-1, max-image-preview:large, max-video-preview:-1\" \/>\n<link rel=\"canonical\" href=\"https:\/\/www.turismealtcamp.cat\/es\/aviso-legal\/\" \/>\n<meta property=\"og:locale\" content=\"es_ES\" \/>\n<meta property=\"og:type\" content=\"article\" \/>\n<meta property=\"og:title\" content=\"Aviso legal - Turisme a l&#039;Alt Camp\" \/>\n<meta property=\"og:description\" content=\"1\/ Identificaci\u00f3n del titular y objeto&#013; Titular del sitio web Consell Comarcal de l\u2019Alt Camp&#013; NIF: P9300005G&#013; Domicilio social: C. Moss\u00e8n Mart\u00ed, 3 43800 \u2013 Valls (Tarragona).&#013; Puede contactar con nosotros por correo electr\u00f3nico consell@altcamp.cat siguiente Estas condiciones regulan el acceso y navegaci\u00f3n de las personas usuarias a trav\u00e9s de este sitio web. Al visitarlo, [&hellip;]\" \/>\n<meta property=\"og:url\" content=\"https:\/\/www.turismealtcamp.cat\/es\/aviso-legal\/\" \/>\n<meta property=\"og:site_name\" content=\"Turisme a l&#039;Alt Camp\" \/>\n<meta property=\"article:publisher\" content=\"https:\/\/es-es.facebook.com\/turismealtcamp\/\" \/>\n<meta property=\"article:modified_time\" content=\"2025-01-24T08:20:16+00:00\" \/>\n<meta name=\"twitter:card\" content=\"summary_large_image\" \/>\n<meta name=\"twitter:site\" content=\"@turismealtcamp\" \/>\n<meta name=\"twitter:label1\" content=\"Tiempo de lectura\" \/>\n\t<meta name=\"twitter:data1\" content=\"6 minutos\" \/>\n<script type=\"application\/ld+json\" class=\"yoast-schema-graph\">{\"@context\":\"https:\\\/\\\/schema.org\",\"@graph\":[{\"@type\":\"WebPage\",\"@id\":\"https:\\\/\\\/www.turismealtcamp.cat\\\/es\\\/aviso-legal\\\/\",\"url\":\"https:\\\/\\\/www.turismealtcamp.cat\\\/es\\\/aviso-legal\\\/\",\"name\":\"Aviso legal - Turisme a l&#039;Alt Camp\",\"isPartOf\":{\"@id\":\"https:\\\/\\\/www.turismealtcamp.cat\\\/es\\\/#website\"},\"datePublished\":\"2024-09-17T10:42:38+00:00\",\"dateModified\":\"2025-01-24T08:20:16+00:00\",\"breadcrumb\":{\"@id\":\"https:\\\/\\\/www.turismealtcamp.cat\\\/es\\\/aviso-legal\\\/#breadcrumb\"},\"inLanguage\":\"es\",\"potentialAction\":[{\"@type\":\"ReadAction\",\"target\":[\"https:\\\/\\\/www.turismealtcamp.cat\\\/es\\\/aviso-legal\\\/\"]}]},{\"@type\":\"BreadcrumbList\",\"@id\":\"https:\\\/\\\/www.turismealtcamp.cat\\\/es\\\/aviso-legal\\\/#breadcrumb\",\"itemListElement\":[{\"@type\":\"ListItem\",\"position\":1,\"name\":\"Inici\",\"item\":\"https:\\\/\\\/www.turismealtcamp.cat\\\/es\\\/\"},{\"@type\":\"ListItem\",\"position\":2,\"name\":\"Aviso legal\"}]},{\"@type\":\"WebSite\",\"@id\":\"https:\\\/\\\/www.turismealtcamp.cat\\\/es\\\/#website\",\"url\":\"https:\\\/\\\/www.turismealtcamp.cat\\\/es\\\/\",\"name\":\"Turisme a l'Alt Camp\",\"description\":\"Turisme a l&#039;Alt Camp\",\"publisher\":{\"@id\":\"https:\\\/\\\/www.turismealtcamp.cat\\\/es\\\/#organization\"},\"potentialAction\":[{\"@type\":\"SearchAction\",\"target\":{\"@type\":\"EntryPoint\",\"urlTemplate\":\"https:\\\/\\\/www.turismealtcamp.cat\\\/es\\\/?s={search_term_string}\"},\"query-input\":{\"@type\":\"PropertyValueSpecification\",\"valueRequired\":true,\"valueName\":\"search_term_string\"}}],\"inLanguage\":\"es\"},{\"@type\":\"Organization\",\"@id\":\"https:\\\/\\\/www.turismealtcamp.cat\\\/es\\\/#organization\",\"name\":\"Turisme a l'Alt Camp\",\"url\":\"https:\\\/\\\/www.turismealtcamp.cat\\\/es\\\/\",\"logo\":{\"@type\":\"ImageObject\",\"inLanguage\":\"es\",\"@id\":\"https:\\\/\\\/www.turismealtcamp.cat\\\/es\\\/#\\\/schema\\\/logo\\\/image\\\/\",\"url\":\"https:\\\/\\\/www.turismealtcamp.cat\\\/wp-content\\\/uploads\\\/2024\\\/09\\\/turisme-alt-camp.png\",\"contentUrl\":\"https:\\\/\\\/www.turismealtcamp.cat\\\/wp-content\\\/uploads\\\/2024\\\/09\\\/turisme-alt-camp.png\",\"width\":219,\"height\":100,\"caption\":\"Turisme a l'Alt Camp\"},\"image\":{\"@id\":\"https:\\\/\\\/www.turismealtcamp.cat\\\/es\\\/#\\\/schema\\\/logo\\\/image\\\/\"},\"sameAs\":[\"https:\\\/\\\/es-es.facebook.com\\\/turismealtcamp\\\/\",\"https:\\\/\\\/x.com\\\/turismealtcamp\",\"https:\\\/\\\/www.instagram.com\\\/turismealtcamp\\\/\",\"https:\\\/\\\/www.youtube.com\\\/@TurismeAltCamp\"]}]}<\/script>\n<!-- \/ Yoast SEO plugin. -->","yoast_head_json":{"title":"Aviso legal - Turisme a l&#039;Alt Camp","robots":{"index":"index","follow":"follow","max-snippet":"max-snippet:-1","max-image-preview":"max-image-preview:large","max-video-preview":"max-video-preview:-1"},"canonical":"https:\/\/www.turismealtcamp.cat\/es\/aviso-legal\/","og_locale":"es_ES","og_type":"article","og_title":"Aviso legal - Turisme a l&#039;Alt Camp","og_description":"1\/ Identificaci\u00f3n del titular y objeto&#13; Titular del sitio web Consell Comarcal de l\u2019Alt Camp&#13; NIF: P9300005G&#13; Domicilio social: C. Moss\u00e8n Mart\u00ed, 3 43800 \u2013 Valls (Tarragona).&#13; Puede contactar con nosotros por correo electr\u00f3nico consell@altcamp.cat siguiente Estas condiciones regulan el acceso y navegaci\u00f3n de las personas usuarias a trav\u00e9s de este sitio web. Al visitarlo, [&hellip;]","og_url":"https:\/\/www.turismealtcamp.cat\/es\/aviso-legal\/","og_site_name":"Turisme a l&#039;Alt Camp","article_publisher":"https:\/\/es-es.facebook.com\/turismealtcamp\/","article_modified_time":"2025-01-24T08:20:16+00:00","twitter_card":"summary_large_image","twitter_site":"@turismealtcamp","twitter_misc":{"Tiempo de lectura":"6 minutos"},"schema":{"@context":"https:\/\/schema.org","@graph":[{"@type":"WebPage","@id":"https:\/\/www.turismealtcamp.cat\/es\/aviso-legal\/","url":"https:\/\/www.turismealtcamp.cat\/es\/aviso-legal\/","name":"Aviso legal - Turisme a l&#039;Alt Camp","isPartOf":{"@id":"https:\/\/www.turismealtcamp.cat\/es\/#website"},"datePublished":"2024-09-17T10:42:38+00:00","dateModified":"2025-01-24T08:20:16+00:00","breadcrumb":{"@id":"https:\/\/www.turismealtcamp.cat\/es\/aviso-legal\/#breadcrumb"},"inLanguage":"es","potentialAction":[{"@type":"ReadAction","target":["https:\/\/www.turismealtcamp.cat\/es\/aviso-legal\/"]}]},{"@type":"BreadcrumbList","@id":"https:\/\/www.turismealtcamp.cat\/es\/aviso-legal\/#breadcrumb","itemListElement":[{"@type":"ListItem","position":1,"name":"Inici","item":"https:\/\/www.turismealtcamp.cat\/es\/"},{"@type":"ListItem","position":2,"name":"Aviso legal"}]},{"@type":"WebSite","@id":"https:\/\/www.turismealtcamp.cat\/es\/#website","url":"https:\/\/www.turismealtcamp.cat\/es\/","name":"Turisme a l'Alt Camp","description":"Turisme a l&#039;Alt Camp","publisher":{"@id":"https:\/\/www.turismealtcamp.cat\/es\/#organization"},"potentialAction":[{"@type":"SearchAction","target":{"@type":"EntryPoint","urlTemplate":"https:\/\/www.turismealtcamp.cat\/es\/?s={search_term_string}"},"query-input":{"@type":"PropertyValueSpecification","valueRequired":true,"valueName":"search_term_string"}}],"inLanguage":"es"},{"@type":"Organization","@id":"https:\/\/www.turismealtcamp.cat\/es\/#organization","name":"Turisme a l'Alt Camp","url":"https:\/\/www.turismealtcamp.cat\/es\/","logo":{"@type":"ImageObject","inLanguage":"es","@id":"https:\/\/www.turismealtcamp.cat\/es\/#\/schema\/logo\/image\/","url":"https:\/\/www.turismealtcamp.cat\/wp-content\/uploads\/2024\/09\/turisme-alt-camp.png","contentUrl":"https:\/\/www.turismealtcamp.cat\/wp-content\/uploads\/2024\/09\/turisme-alt-camp.png","width":219,"height":100,"caption":"Turisme a l'Alt Camp"},"image":{"@id":"https:\/\/www.turismealtcamp.cat\/es\/#\/schema\/logo\/image\/"},"sameAs":["https:\/\/es-es.facebook.com\/turismealtcamp\/","https:\/\/x.com\/turismealtcamp","https:\/\/www.instagram.com\/turismealtcamp\/","https:\/\/www.youtube.com\/@TurismeAltCamp"]}]}},"_links":{"self":[{"href":"https:\/\/www.turismealtcamp.cat\/es\/wp-json\/wp\/v2\/pages\/11682","targetHints":{"allow":["GET"]}}],"collection":[{"href":"https:\/\/www.turismealtcamp.cat\/es\/wp-json\/wp\/v2\/pages"}],"about":[{"href":"https:\/\/www.turismealtcamp.cat\/es\/wp-json\/wp\/v2\/types\/page"}],"author":[{"embeddable":true,"href":"https:\/\/www.turismealtcamp.cat\/es\/wp-json\/wp\/v2\/users\/1"}],"replies":[{"embeddable":true,"href":"https:\/\/www.turismealtcamp.cat\/es\/wp-json\/wp\/v2\/comments?post=11682"}],"version-history":[{"count":1,"href":"https:\/\/www.turismealtcamp.cat\/es\/wp-json\/wp\/v2\/pages\/11682\/revisions"}],"predecessor-version":[{"id":11683,"href":"https:\/\/www.turismealtcamp.cat\/es\/wp-json\/wp\/v2\/pages\/11682\/revisions\/11683"}],"wp:attachment":[{"href":"https:\/\/www.turismealtcamp.cat\/es\/wp-json\/wp\/v2\/media?parent=11682"}],"curies":[{"name":"wp","href":"https:\/\/api.w.org\/{rel}","templated":true}]}}